{"id":79442,"date":"2020-10-16T10:50:52","date_gmt":"2020-10-16T10:50:52","guid":{"rendered":"https:\/\/www.barbadillo.com\/?page_id=79442"},"modified":"2025-01-31T12:17:57","modified_gmt":"2025-01-31T12:17:57","slug":"our-history","status":"publish","type":"page","link":"https:\/\/www.barbadillo.com\/en\/our-history\/","title":{"rendered":"Our History"},"content":{"rendered":"<p>[et_pb_section fb_built=&#8221;1&#8243; admin_label=&#8221;Hero Section&#8221; _builder_version=&#8221;4.16&#8243; background_enable_color=&#8221;off&#8221; background_color_gradient_direction=&#8221;131deg&#8221; background_image=&#8221;https:\/\/www.barbadillo.com\/wp-content\/uploads\/2020\/09\/nuestra-historia-bodegas-barbadillo.jpg&#8221; background_blend=&#8221;darken&#8221; custom_margin=&#8221;60px||||false|false&#8221; custom_padding=&#8221;0px||0px||false|false&#8221; animation_direction=&#8221;top&#8221; da_disable_devices=&#8221;off|off|off&#8221; locked=&#8221;off&#8221; global_colors_info=&#8221;{}&#8221; da_is_popup=&#8221;off&#8221; da_exit_intent=&#8221;off&#8221; da_has_close=&#8221;on&#8221; da_alt_close=&#8221;off&#8221; da_dark_close=&#8221;off&#8221; da_not_modal=&#8221;on&#8221; da_is_singular=&#8221;off&#8221; da_with_loader=&#8221;off&#8221; da_has_shadow=&#8221;on&#8221;][et_pb_row custom_padding_last_edited=&#8221;on|phone&#8221; _builder_version=&#8221;4.16&#8243; custom_margin=&#8221;0px|auto|0px|auto|true|false&#8221; custom_padding=&#8221;50px||50px||true|false&#8221; custom_padding_tablet=&#8221;40px||40px||true|false&#8221; custom_padding_phone=&#8221;25px||25px||true|false&#8221; custom_width_px=&#8221;1440px&#8221; collapsed=&#8221;on&#8221; global_colors_info=&#8221;{}&#8221;][et_pb_column type=&#8221;4_4&#8243; _builder_version=&#8221;4.16&#8243; custom_padding=&#8221;|||&#8221; global_colors_info=&#8221;{}&#8221; custom_padding__hover=&#8221;|||&#8221;][et_pb_text _builder_version=&#8221;4.16&#8243; _dynamic_attributes=&#8221;content&#8221; text_font=&#8221;Playfair Display||||||||&#8221; text_line_height=&#8221;1.4em&#8221; header_font=&#8221;Playfair Display|700|||||||&#8221; header_text_align=&#8221;center&#8221; header_text_color=&#8221;#f3f3f3&#8243; header_font_size=&#8221;36px&#8221; header_2_font=&#8221;||||||||&#8221; header_3_font=&#8221;||||||||&#8221; header_4_font=&#8221;||||||||&#8221; header_5_font=&#8221;||||||||&#8221; header_6_font=&#8221;||||||||&#8221; custom_margin=&#8221;0px||0px||false|false&#8221; custom_padding=&#8221;0px||0px||true|false&#8221; custom_padding_tablet=&#8221;&#8221; custom_padding_phone=&#8221;0px|0px|0px|0px|true|false&#8221; custom_padding_last_edited=&#8221;on|phone&#8221; header_font_size_tablet=&#8221;32px&#8221; header_font_size_phone=&#8221;28px&#8221; header_font_size_last_edited=&#8221;on|phone&#8221; locked=&#8221;off&#8221; global_colors_info=&#8221;{}&#8221;]@ET-DC@eyJkeW5hbWljIjp0cnVlLCJjb250ZW50IjoicG9zdF90aXRsZSIsInNldHRpbmdzIjp7ImJlZm9yZSI6IjxoMT4iLCJhZnRlciI6IjwvaDE+In19@[\/et_pb_text][\/et_pb_column][\/et_pb_row][\/et_pb_section][et_pb_section fb_built=&#8221;1&#8243; module_class=&#8221;ds-timeline&#8221; _builder_version=&#8221;4.16&#8243; background_enable_color=&#8221;off&#8221; custom_padding=&#8221;60px|0px|40px|0px|false|false&#8221; da_disable_devices=&#8221;off|off|off&#8221; global_colors_info=&#8221;{}&#8221; da_is_popup=&#8221;off&#8221; da_exit_intent=&#8221;off&#8221; da_has_close=&#8221;on&#8221; da_alt_close=&#8221;off&#8221; da_dark_close=&#8221;off&#8221; da_not_modal=&#8221;on&#8221; da_is_singular=&#8221;off&#8221; da_with_loader=&#8221;off&#8221; da_has_shadow=&#8221;on&#8221;][et_pb_row column_structure=&#8221;1_2,1_2&#8243; use_custom_gutter=&#8221;on&#8221; admin_label=&#8221;fila_1821&#8243; module_class=&#8221;timeline-item speak-soon even&#8221; _builder_version=&#8221;4.16&#8243; background_size=&#8221;initial&#8221; background_position=&#8221;top_left&#8221; background_repeat=&#8221;repeat&#8221; custom_padding=&#8221;0px||0px||true|false&#8221; custom_css_main_element=&#8221;z-index:200;&#8221; collapsed=&#8221;off&#8221; global_colors_info=&#8221;{}&#8221;][et_pb_column type=&#8221;1_2&#8243; module_class=&#8221;col-date&#8221; _builder_version=&#8221;4.16&#8243; custom_padding=&#8221;|||&#8221; border_color_all=&#8221;#e2b873&#8243; global_colors_info=&#8221;{}&#8221; custom_padding__hover=&#8221;|||&#8221;][et_pb_text admin_label=&#8221;Speak Date \/ Location&#8221; module_class=&#8221;tm-date&#8221; _builder_version=&#8221;4.16&#8243; text_font=&#8221;||||||||&#8221; text_text_color=&#8221;#e2b873&#8243; text_font_size=&#8221;18px&#8221; header_font=&#8221;Playfair Display SC||||||||&#8221; header_text_color=&#8221;#336028&#8243; header_3_font=&#8221;||||||||&#8221; header_3_text_color=&#8221;#e2b873&#8243; header_4_font=&#8221;Playfair Display SC||||||||&#8221; header_4_text_color=&#8221;#336028&#8243; header_4_font_size=&#8221;40px&#8221; global_colors_info=&#8221;{}&#8221;]<\/p>\n<h4>1821<\/h4>\n<h3>The first winery<\/h3>\n<p>[\/et_pb_text][\/et_pb_column][et_pb_column type=&#8221;1_2&#8243; module_class=&#8221;col-details&#8221; _builder_version=&#8221;4.16&#8243; custom_padding=&#8221;|||&#8221; global_colors_info=&#8221;{}&#8221; custom_padding__hover=&#8221;|||&#8221;][et_pb_code module_class=&#8221;rv_button&#8221; _builder_version=&#8221;4.16&#8243; _module_preset=&#8221;default&#8221; positioning=&#8221;absolute&#8221; position_origin_a=&#8221;top_right&#8221; z_index=&#8221;70&#8243; text_orientation=&#8221;center&#8221; width=&#8221;100%&#8221; max_width=&#8221;540px&#8221; global_colors_info=&#8221;{}&#8221;]<a class=\"his_button his_button_1821 closed\" href=\"javascript:void(0)\" onclick=\"openHis(1821);\"> <\/a>[\/et_pb_code][et_pb_image src=&#8221;https:\/\/www.barbadillo.com\/wp-content\/uploads\/2020\/09\/historia-1821-bodega-barbadillo.png&#8221; alt=&#8221; 1821 &#8211; Barbadillo vuelva a casa | Bodegas Barbadillo&#8221; title_text=&#8221; 1821 &#8211; Barbadillo vuelva a casa | Bodegas Barbadillo&#8221; align=&#8221;right&#8221; _builder_version=&#8221;4.16&#8243; _module_preset=&#8221;default&#8221; z_index=&#8221;-2&#8243; max_width=&#8221;540px&#8221; global_colors_info=&#8221;{}&#8221;][\/et_pb_image][et_pb_text admin_label=&#8221;Speak Description&#8221; module_id=&#8221;panel_1821&#8243; module_class=&#8221;tm-desc reveal&#8221; _builder_version=&#8221;4.24.0&#8243; text_font=&#8221;Open Sans||||||||&#8221; text_text_color=&#8221;#f3f3f3&#8243; background_color=&#8221;rgba(51,96,40,0.9)&#8221; positioning=&#8221;absolute&#8221; position_origin_a=&#8221;top_right&#8221; width=&#8221;100%&#8221; max_width=&#8221;540px&#8221; custom_margin=&#8221;15px|15px||15px|false|true&#8221; global_colors_info=&#8221;{}&#8221;]<\/p>\n<p>The story of Bodegas Barbadillo began in the 19th century, when Benigno Barbadillo y Hortig\u00fcela and his cousin Manuel L\u00f3pez Barbadillo moved from Mexico, where Benigno had made his fortune, to Sanl\u00facar de Barrameda in the south of Spain. In 1821, they purchased their first winery, called El Toro and a paradigm of Andalusian architecture that still bears witness to the origins of Bodegas Barbadillo.<\/p>\n<p>[\/et_pb_text][\/et_pb_column][\/et_pb_row][et_pb_row column_structure=&#8221;1_2,1_2&#8243; use_custom_gutter=&#8221;on&#8221; admin_label=&#8221;fila_1827&#8243; module_class=&#8221;timeline-item speak-soon odd&#8221; _builder_version=&#8221;4.16&#8243; background_size=&#8221;initial&#8221; background_position=&#8221;top_left&#8221; background_repeat=&#8221;repeat&#8221; custom_padding=&#8221;0px||0px||true|false&#8221; custom_css_main_element=&#8221;z-index:190;&#8221; collapsed=&#8221;on&#8221; global_colors_info=&#8221;{}&#8221;][et_pb_column type=&#8221;1_2&#8243; module_class=&#8221;col-date&#8221; _builder_version=&#8221;4.16&#8243; z_index=&#8221;0&#8243; custom_padding=&#8221;|||&#8221; global_colors_info=&#8221;{}&#8221; custom_padding__hover=&#8221;|||&#8221;][et_pb_text admin_label=&#8221;Speak Date \/ Location&#8221; module_class=&#8221;tm-date&#8221; _builder_version=&#8221;4.16&#8243; text_font=&#8221;Open Sans||||||||&#8221; header_font=&#8221;||||||||&#8221; header_3_text_color=&#8221;#e2b873&#8243; header_4_font=&#8221;Playfair Display SC||||||||&#8221; header_4_text_color=&#8221;#336028&#8243; header_4_font_size=&#8221;40px&#8221; global_colors_info=&#8221;{}&#8221;]<\/p>\n<h4>1827<\/h4>\n<h3>Barbadillo launches the first bottled Manzanilla: Pastora<\/h3>\n<p>[\/et_pb_text][\/et_pb_column][et_pb_column type=&#8221;1_2&#8243; module_class=&#8221;col-details&#8221; _builder_version=&#8221;4.16&#8243; z_index=&#8221;0&#8243; custom_padding=&#8221;|||&#8221; global_colors_info=&#8221;{}&#8221; custom_padding__hover=&#8221;|||&#8221;][et_pb_code module_class=&#8221;rv_button&#8221; _builder_version=&#8221;4.16&#8243; _module_preset=&#8221;default&#8221; positioning=&#8221;absolute&#8221; z_index=&#8221;70&#8243; text_orientation=&#8221;center&#8221; width=&#8221;100%&#8221; max_width=&#8221;540px&#8221; global_colors_info=&#8221;{}&#8221;]<a class=\"his_button his_button_1827 closed\" href=\"javascript:void(0)\" onclick=\"openHis(1827);\"> <\/a>[\/et_pb_code][et_pb_image src=&#8221;https:\/\/www.barbadillo.com\/wp-content\/uploads\/2020\/09\/historia-1827-bodega-barbadillo.png&#8221; alt=&#8221;1827 &#8211; Nace Pastora, una gran se\u00f1ora | Bodegas Barbadillo&#8221; title_text=&#8221;1827 &#8211; Nace Pastora, una gran se\u00f1ora | Bodegas Barbadillo&#8221; align_tablet=&#8221;center&#8221; align_phone=&#8221;&#8221; align_last_edited=&#8221;on|desktop&#8221; _builder_version=&#8221;4.16&#8243; z_index=&#8221;-2&#8243; max_width=&#8221;540px&#8221; module_alignment=&#8221;left&#8221; global_colors_info=&#8221;{}&#8221;][\/et_pb_image][et_pb_text admin_label=&#8221;Speak Description&#8221; module_id=&#8221;panel_1827&#8243; module_class=&#8221;tm-desc reveal&#8221; _builder_version=&#8221;4.16.1&#8243; text_font=&#8221;Open Sans||||||||&#8221; text_text_color=&#8221;#f3f3f3&#8243; background_color=&#8221;rgba(51,96,40,0.9)&#8221; positioning=&#8221;absolute&#8221; width=&#8221;100%&#8221; max_width=&#8221;540px&#8221; custom_margin=&#8221;15px|15px||15px|false|true&#8221; global_colors_info=&#8221;{}&#8221;]<\/p>\n<p><span>1827 was a\u00a0<\/span><span class=\"gmail_default\"><\/span><span>real<\/span><span>\u00a0<\/span><span>milestone in this timeline, since Barbadillo shipped their first casks of Manzanilla to Philadelphia. It was such as success that, just a few months later, Barbadillo launched Pastora <\/span><span>on the market. It was the first and\u2014at the time\u2014the only bottled manzanilla in the world.<\/span><\/p>\n<p>[\/et_pb_text][\/et_pb_column][\/et_pb_row][et_pb_row column_structure=&#8221;1_2,1_2&#8243; use_custom_gutter=&#8221;on&#8221; admin_label=&#8221;fila_1954&#8243; module_class=&#8221;timeline-item speak-soon even&#8221; _builder_version=&#8221;4.16&#8243; background_size=&#8221;initial&#8221; background_position=&#8221;top_left&#8221; background_repeat=&#8221;repeat&#8221; custom_padding=&#8221;0px||0px||true|false&#8221; hover_enabled=&#8221;0&#8243; custom_css_main_element=&#8221;z-index:180;&#8221; collapsed=&#8221;off&#8221; global_colors_info=&#8221;{}&#8221; sticky_enabled=&#8221;0&#8243;][et_pb_column type=&#8221;1_2&#8243; module_class=&#8221;col-date&#8221; _builder_version=&#8221;4.16&#8243; custom_padding=&#8221;|||&#8221; border_color_all=&#8221;#e2b873&#8243; global_colors_info=&#8221;{}&#8221; custom_padding__hover=&#8221;|||&#8221;][et_pb_text admin_label=&#8221;Speak Date \/ Location&#8221; module_class=&#8221;tm-date&#8221; _builder_version=&#8221;4.16&#8243; text_font=&#8221;||||||||&#8221; text_text_color=&#8221;#e2b873&#8243; text_font_size=&#8221;18px&#8221; header_font=&#8221;Playfair Display SC||||||||&#8221; header_text_color=&#8221;#336028&#8243; header_3_font=&#8221;||||||||&#8221; header_3_text_color=&#8221;#e2b873&#8243; header_4_font=&#8221;Playfair Display SC||||||||&#8221; header_4_text_color=&#8221;#336028&#8243; header_4_font_size=&#8221;40px&#8221; global_colors_info=&#8221;{}&#8221;]<\/p>\n<h4>1954<\/h4>\n<h3>The dream begins<\/h3>\n<p>[\/et_pb_text][\/et_pb_column][et_pb_column type=&#8221;1_2&#8243; module_class=&#8221;col-details&#8221; _builder_version=&#8221;4.16&#8243; custom_padding=&#8221;|||&#8221; global_colors_info=&#8221;{}&#8221; custom_padding__hover=&#8221;|||&#8221;][et_pb_code module_class=&#8221;rv_button&#8221; _builder_version=&#8221;4.16&#8243; _module_preset=&#8221;default&#8221; positioning=&#8221;absolute&#8221; position_origin_a=&#8221;top_right&#8221; z_index=&#8221;70&#8243; text_orientation=&#8221;center&#8221; width=&#8221;100%&#8221; max_width=&#8221;540px&#8221; global_colors_info=&#8221;{}&#8221;]<a class=\"his_button his_button_1954 closed\" href=\"javascript:void(0)\" onclick=\"openHis(1954);\"> <\/a>[\/et_pb_code][et_pb_image src=&#8221;https:\/\/www.barbadillo.com\/wp-content\/uploads\/2020\/09\/historia-1964-bodega-barbadillo.png&#8221; alt=&#8221;1954 &#8211; Comienza el sue\u00f1o | Bodegas Barbadillo&#8221; title_text=&#8221;1954 &#8211; Comienza el sue\u00f1o | Bodegas Barbadillo&#8221; align=&#8221;right&#8221; _builder_version=&#8221;4.16&#8243; _module_preset=&#8221;default&#8221; z_index=&#8221;-2&#8243; max_width=&#8221;540px&#8221; global_colors_info=&#8221;{}&#8221;][\/et_pb_image][et_pb_text admin_label=&#8221;Speak Description&#8221; module_id=&#8221;panel_1954&#8243; module_class=&#8221;tm-desc reveal&#8221; _builder_version=&#8221;4.27.4&#8243; text_font=&#8221;Open Sans||||||||&#8221; text_text_color=&#8221;#f3f3f3&#8243; background_color=&#8221;rgba(51,96,40,0.9)&#8221; positioning=&#8221;absolute&#8221; position_origin_a=&#8221;top_right&#8221; width=&#8221;100%&#8221; max_width=&#8221;540px&#8221; custom_margin=&#8221;15px|15px||15px|false|true&#8221; hover_enabled=&#8221;0&#8243; global_colors_info=&#8221;{}&#8221; sticky_enabled=&#8221;0&#8243;]<\/p>\n<p>Benigno passed away in 1837, but by then, his legacy and the firm&#8217;s growth were unstoppable. His eldest son, Manuel, took over the business, and in 1954, his grandson, Antonio Barbadillo Ambrossy, formally established the company now known as Bodegas Barbadillo.<\/p>\n<p>[\/et_pb_text][\/et_pb_column][\/et_pb_row][et_pb_row column_structure=&#8221;1_2,1_2&#8243; use_custom_gutter=&#8221;on&#8221; admin_label=&#8221;fila_1964&#8243; module_class=&#8221;timeline-item speak-soon odd&#8221; _builder_version=&#8221;4.16&#8243; background_size=&#8221;initial&#8221; background_position=&#8221;top_left&#8221; background_repeat=&#8221;repeat&#8221; custom_padding=&#8221;0px||0px||true|false&#8221; custom_css_main_element=&#8221;z-index:160;&#8221; collapsed=&#8221;off&#8221; global_colors_info=&#8221;{}&#8221;][et_pb_column type=&#8221;1_2&#8243; module_class=&#8221;col-date&#8221; _builder_version=&#8221;4.16&#8243; z_index=&#8221;0&#8243; custom_padding=&#8221;|||&#8221; global_colors_info=&#8221;{}&#8221; custom_padding__hover=&#8221;|||&#8221;][et_pb_text admin_label=&#8221;Speak Date \/ Location&#8221; module_class=&#8221;tm-date&#8221; _builder_version=&#8221;4.16&#8243; text_font=&#8221;Open Sans||||||||&#8221; header_font=&#8221;||||||||&#8221; header_3_text_color=&#8221;#e2b873&#8243; header_4_font=&#8221;Playfair Display SC||||||||&#8221; header_4_text_color=&#8221;#336028&#8243; header_4_font_size=&#8221;40px&#8221; global_colors_info=&#8221;{}&#8221;]<\/p>\n<h4>1964<\/h4>\n<h3>Something new from the north<\/h3>\n<p>[\/et_pb_text][\/et_pb_column][et_pb_column type=&#8221;1_2&#8243; module_class=&#8221;col-details&#8221; _builder_version=&#8221;4.16&#8243; z_index=&#8221;0&#8243; custom_padding=&#8221;|||&#8221; global_colors_info=&#8221;{}&#8221; custom_padding__hover=&#8221;|||&#8221;][et_pb_code module_class=&#8221;rv_button&#8221; _builder_version=&#8221;4.16&#8243; _module_preset=&#8221;default&#8221; positioning=&#8221;absolute&#8221; z_index=&#8221;70&#8243; text_orientation=&#8221;center&#8221; width=&#8221;100%&#8221; max_width=&#8221;540px&#8221; global_colors_info=&#8221;{}&#8221;]<a class=\"his_button his_button_1964 closed\" href=\"javascript:void(0)\" onclick=\"openHis(1964);\"> <\/a>[\/et_pb_code][et_pb_image src=&#8221;https:\/\/www.barbadillo.com\/wp-content\/uploads\/2020\/09\/historia-1954-bodega-barbadillo.png&#8221; alt=&#8221;1964 &#8211; Aires del norte | Bodegas Barbadillo&#8221; title_text=&#8221;1964 &#8211; Aires del norte | Bodegas Barbadillo&#8221; align_tablet=&#8221;center&#8221; align_phone=&#8221;&#8221; align_last_edited=&#8221;on|desktop&#8221; _builder_version=&#8221;4.16&#8243; z_index=&#8221;-2&#8243; max_width=&#8221;540px&#8221; module_alignment=&#8221;left&#8221; global_colors_info=&#8221;{}&#8221;][\/et_pb_image][et_pb_text admin_label=&#8221;Speak Description&#8221; module_id=&#8221;panel_1964&#8243; module_class=&#8221;tm-desc reveal&#8221; _builder_version=&#8221;4.16&#8243; text_font=&#8221;Open Sans||||||||&#8221; text_text_color=&#8221;#f3f3f3&#8243; background_color=&#8221;rgba(51,96,40,0.9)&#8221; positioning=&#8221;absolute&#8221; width=&#8221;100%&#8221; max_width=&#8221;540px&#8221; custom_margin=&#8221;15px|15px||15px|false|true&#8221; global_colors_info=&#8221;{}&#8221;]A group of winemakers led by Antonio Aznar Riazuelo established what is now the only winemaking cooperative in the province of Huesca, comprising almost 200 winemakers from the Somontano region. The creation of the Somontano de Sobrarbe regional cooperative was a symbol of the area\u2019s commitment to quality winemaking as a driver of the economy and was the first step towards the birth of the Somontano designation of origin, which would be approved in 1984. From that moment on, and especially as of the 1990s, the influx into Somontano of large business projects involving major investment positioned its wines among the best in the country.[\/et_pb_text][\/et_pb_column][\/et_pb_row][et_pb_row column_structure=&#8221;1_2,1_2&#8243; use_custom_gutter=&#8221;on&#8221; admin_label=&#8221;fila_1975&#8243; module_class=&#8221;timeline-item speak-soon even&#8221; _builder_version=&#8221;4.16&#8243; background_size=&#8221;initial&#8221; background_position=&#8221;top_left&#8221; background_repeat=&#8221;repeat&#8221; custom_padding=&#8221;0px||0px||true|false&#8221; custom_css_main_element=&#8221;z-index:150;&#8221; collapsed=&#8221;off&#8221; global_colors_info=&#8221;{}&#8221;][et_pb_column type=&#8221;1_2&#8243; module_class=&#8221;col-date&#8221; _builder_version=&#8221;4.16&#8243; custom_padding=&#8221;|||&#8221; border_color_all=&#8221;#e2b873&#8243; global_colors_info=&#8221;{}&#8221; custom_padding__hover=&#8221;|||&#8221;][et_pb_text admin_label=&#8221;Speak Date \/ Location&#8221; module_class=&#8221;tm-date&#8221; _builder_version=&#8221;4.16&#8243; text_font=&#8221;||||||||&#8221; text_text_color=&#8221;#e2b873&#8243; text_font_size=&#8221;18px&#8221; header_font=&#8221;Playfair Display SC||||||||&#8221; header_text_color=&#8221;#336028&#8243; header_3_font=&#8221;||||||||&#8221; header_3_text_color=&#8221;#e2b873&#8243; header_4_font=&#8221;Playfair Display SC||||||||&#8221; header_4_text_color=&#8221;#336028&#8243; header_4_font_size=&#8221;40px&#8221; global_colors_info=&#8221;{}&#8221;]<\/p>\n<h4>1975<\/h4>\n<h3>From the sea a wine was born<\/h3>\n<p>[\/et_pb_text][\/et_pb_column][et_pb_column type=&#8221;1_2&#8243; module_class=&#8221;col-details&#8221; _builder_version=&#8221;4.16&#8243; custom_padding=&#8221;|||&#8221; global_colors_info=&#8221;{}&#8221; custom_padding__hover=&#8221;|||&#8221;][et_pb_code module_class=&#8221;rv_button&#8221; _builder_version=&#8221;4.16&#8243; _module_preset=&#8221;default&#8221; positioning=&#8221;absolute&#8221; position_origin_a=&#8221;top_right&#8221; z_index=&#8221;70&#8243; text_orientation=&#8221;center&#8221; width=&#8221;100%&#8221; max_width=&#8221;540px&#8221; global_colors_info=&#8221;{}&#8221;]<a class=\"his_button his_button_1975 closed\" href=\"javascript:void(0)\" onclick=\"openHis(1975);\"> <\/a>[\/et_pb_code][et_pb_image src=&#8221;https:\/\/www.barbadillo.com\/wp-content\/uploads\/2020\/09\/historia-1975-bodega-barbadillo.png&#8221; alt=&#8221;1975 &#8211; El mar se hizo vino | Bodegas Barbadillo&#8221; title_text=&#8221;1975 &#8211; El mar se hizo vino | Bodegas Barbadillo&#8221; align=&#8221;right&#8221; _builder_version=&#8221;4.16&#8243; _module_preset=&#8221;default&#8221; z_index=&#8221;-2&#8243; max_width=&#8221;540px&#8221; global_colors_info=&#8221;{}&#8221;][\/et_pb_image][et_pb_text admin_label=&#8221;Speak Description&#8221; module_id=&#8221;panel_1975&#8243; module_class=&#8221;tm-desc reveal&#8221; _builder_version=&#8221;4.16&#8243; text_font=&#8221;Open Sans||||||||&#8221; text_text_color=&#8221;#f3f3f3&#8243; background_color=&#8221;rgba(51,96,40,0.9)&#8221; positioning=&#8221;absolute&#8221; position_origin_a=&#8221;top_right&#8221; width=&#8221;100%&#8221; max_width=&#8221;540px&#8221; custom_margin=&#8221;15px|15px||15px|false|true&#8221; global_colors_info=&#8221;{}&#8221;]Castillo de San Diego was the dream of one man: Toto Barbadillo. Its story began long before it came into being. At the end of the 1960s, on his travels abroad, Antonio Pedro Barbadillo Romero (Toto) discovered some white wines that paired perfectly with seafood, due to their milder, fruitier flavour. Upon his return, he decided to start experimenting and finally managed to create the wine he had always wanted, calling it a \u2018white table wine\u2019. 1975 saw the first edition of a pioneer wine that would open up a category of its own and that we all know today as #Barbadillo, but that is really called Castillo de San Diego after the street where the winery was located, next to the castle in Sanl\u00facar. From the very beginning, the wine was imitated, admired and a best seller.[\/et_pb_text][\/et_pb_column][\/et_pb_row][et_pb_row column_structure=&#8221;1_2,1_2&#8243; use_custom_gutter=&#8221;on&#8221; admin_label=&#8221;fila_1993&#8243; module_class=&#8221;timeline-item speak-soon odd&#8221; _builder_version=&#8221;4.16&#8243; background_size=&#8221;initial&#8221; background_position=&#8221;top_left&#8221; background_repeat=&#8221;repeat&#8221; custom_padding=&#8221;0px||0px||true|false&#8221; custom_css_main_element=&#8221;z-index:140;&#8221; collapsed=&#8221;off&#8221; global_colors_info=&#8221;{}&#8221;][et_pb_column type=&#8221;1_2&#8243; module_class=&#8221;col-date&#8221; _builder_version=&#8221;4.16&#8243; z_index=&#8221;0&#8243; custom_padding=&#8221;|||&#8221; global_colors_info=&#8221;{}&#8221; custom_padding__hover=&#8221;|||&#8221;][et_pb_text admin_label=&#8221;Speak Date \/ Location&#8221; module_class=&#8221;tm-date&#8221; _builder_version=&#8221;4.16&#8243; text_font=&#8221;Open Sans||||||||&#8221; header_font=&#8221;||||||||&#8221; header_3_text_color=&#8221;#e2b873&#8243; header_4_font=&#8221;Playfair Display SC||||||||&#8221; header_4_text_color=&#8221;#336028&#8243; header_4_font_size=&#8221;40px&#8221; global_colors_info=&#8221;{}&#8221;]<\/p>\n<h4>1993<\/h4>\n<h3>And the mountains joined us<\/h3>\n<p>[\/et_pb_text][\/et_pb_column][et_pb_column type=&#8221;1_2&#8243; module_class=&#8221;col-details&#8221; _builder_version=&#8221;4.16&#8243; z_index=&#8221;0&#8243; custom_padding=&#8221;|||&#8221; global_colors_info=&#8221;{}&#8221; custom_padding__hover=&#8221;|||&#8221;][et_pb_code module_class=&#8221;rv_button&#8221; _builder_version=&#8221;4.16&#8243; _module_preset=&#8221;default&#8221; positioning=&#8221;absolute&#8221; z_index=&#8221;70&#8243; text_orientation=&#8221;center&#8221; width=&#8221;100%&#8221; max_width=&#8221;540px&#8221; global_colors_info=&#8221;{}&#8221;]<a class=\"his_button his_button_1993 closed\" href=\"javascript:void(0)\" onclick=\"openHis(1993);\"> <\/a>[\/et_pb_code][et_pb_image src=&#8221;https:\/\/www.barbadillo.com\/wp-content\/uploads\/2020\/09\/historia-1993-bodega-barbadillo.png&#8221; alt=&#8221;1993 &#8211; Y se uni\u00f3 la monta\u00f1a| Bodegas Barbadillo&#8221; title_text=&#8221;1993 &#8211; Y se uni\u00f3 la monta\u00f1a| Bodegas Barbadillo&#8221; align_tablet=&#8221;center&#8221; align_phone=&#8221;&#8221; align_last_edited=&#8221;on|desktop&#8221; _builder_version=&#8221;4.16&#8243; z_index=&#8221;-2&#8243; max_width=&#8221;540px&#8221; module_alignment=&#8221;left&#8221; global_colors_info=&#8221;{}&#8221;][\/et_pb_image][et_pb_text admin_label=&#8221;Speak Description&#8221; module_id=&#8221;panel_1993&#8243; module_class=&#8221;tm-desc reveal&#8221; _builder_version=&#8221;4.16&#8243; text_font=&#8221;Open Sans||||||||&#8221; text_text_color=&#8221;#f3f3f3&#8243; background_color=&#8221;rgba(51,96,40,0.9)&#8221; positioning=&#8221;absolute&#8221; width=&#8221;100%&#8221; max_width=&#8221;540px&#8221; custom_margin=&#8221;15px|15px||15px|false|true&#8221; global_colors_info=&#8221;{}&#8221;]Somontano is a geographical region north of Huesca, in the foothills of The Pyrenees and protected by them, whose nerve centre lies in the city of Barbastro. A good land for growing vines, when phylloxera devastated France at the end of the 19th century, some  winemakers from that country set their sights on this area for production and one of them, Francisco Lalanne, even settled here and founded a winery that still exists today. In the 1960s, with the rise of the cooperative movement amongst small winegrowers in the area, the Somontano del Sobrarbe Cooperative was set up, which would later become Bodegas Pirineos. In 2007, it became part of The Barbadillo Group. [\/et_pb_text][\/et_pb_column][\/et_pb_row][et_pb_row column_structure=&#8221;1_2,1_2&#8243; use_custom_gutter=&#8221;on&#8221; admin_label=&#8221;fila_1997&#8243; module_class=&#8221;timeline-item speak-soon even&#8221; _builder_version=&#8221;4.16&#8243; background_size=&#8221;initial&#8221; background_position=&#8221;top_left&#8221; background_repeat=&#8221;repeat&#8221; custom_padding=&#8221;0px||0px||true|false&#8221; custom_css_main_element=&#8221;z-index:130;&#8221; collapsed=&#8221;off&#8221; global_colors_info=&#8221;{}&#8221;][et_pb_column type=&#8221;1_2&#8243; module_class=&#8221;col-date&#8221; _builder_version=&#8221;4.16&#8243; custom_padding=&#8221;|||&#8221; border_color_all=&#8221;#e2b873&#8243; global_colors_info=&#8221;{}&#8221; custom_padding__hover=&#8221;|||&#8221;][et_pb_text admin_label=&#8221;Speak Date \/ Location&#8221; module_class=&#8221;tm-date&#8221; _builder_version=&#8221;4.16&#8243; text_font=&#8221;||||||||&#8221; text_text_color=&#8221;#e2b873&#8243; text_font_size=&#8221;18px&#8221; header_font=&#8221;Playfair Display SC||||||||&#8221; header_text_color=&#8221;#336028&#8243; header_3_font=&#8221;||||||||&#8221; header_3_text_color=&#8221;#e2b873&#8243; header_4_font=&#8221;Playfair Display SC||||||||&#8221; header_4_text_color=&#8221;#336028&#8243; header_4_font_size=&#8221;40px&#8221; global_colors_info=&#8221;{}&#8221;]<\/p>\n<h4>1997<\/h4>\n<h3>Not all of the banks of the river Duero are Ribera del Duero<\/h3>\n<p>[\/et_pb_text][\/et_pb_column][et_pb_column type=&#8221;1_2&#8243; module_class=&#8221;col-details&#8221; _builder_version=&#8221;4.16&#8243; custom_padding=&#8221;|||&#8221; global_colors_info=&#8221;{}&#8221; custom_padding__hover=&#8221;|||&#8221;][et_pb_code module_class=&#8221;rv_button&#8221; _builder_version=&#8221;4.16&#8243; _module_preset=&#8221;default&#8221; positioning=&#8221;absolute&#8221; position_origin_a=&#8221;top_right&#8221; z_index=&#8221;70&#8243; text_orientation=&#8221;center&#8221; width=&#8221;100%&#8221; max_width=&#8221;540px&#8221; global_colors_info=&#8221;{}&#8221;]<a class=\"his_button his_button_1997 closed\" href=\"javascript:void(0);\" onclick=\"openHis(1997);\"> <\/a>[\/et_pb_code][et_pb_image src=&#8221;https:\/\/www.barbadillo.com\/wp-content\/uploads\/2020\/09\/historia-1997-bodega-barbadillo.png&#8221; alt=&#8221;1997 &#8211; No toda la ribera del r\u00edo Duero es Ribera del Duero | Bodegas Barbadillo&#8221; title_text=&#8221;1997 &#8211; No toda la ribera del r\u00edo Duero es Ribera del Duero | Bodegas Barbadillo&#8221; align=&#8221;right&#8221; _builder_version=&#8221;4.16&#8243; _module_preset=&#8221;default&#8221; z_index=&#8221;-2&#8243; max_width=&#8221;540px&#8221; global_colors_info=&#8221;{}&#8221;][\/et_pb_image][et_pb_text admin_label=&#8221;Speak Description&#8221; module_id=&#8221;panel_1997&#8243; module_class=&#8221;tm-desc reveal&#8221; _builder_version=&#8221;4.16&#8243; text_font=&#8221;Open Sans||||||||&#8221; text_text_color=&#8221;#f3f3f3&#8243; background_color=&#8221;rgba(51,96,40,0.9)&#8221; positioning=&#8221;absolute&#8221; position_origin_a=&#8221;top_right&#8221; width=&#8221;100%&#8221; max_width=&#8221;540px&#8221; custom_margin=&#8221;15px|15px||15px|false|true&#8221; global_colors_info=&#8221;{}&#8221;]Vega Real is born, the fruit of a partnership between Bodegas Barbadillo and Jos\u00e9 Mar\u00eda Vegas, a member of one of the most important wine groups in Castilla y Le\u00f3n. Bodegas Vega Real is born with Jos\u00e9 Mar\u00eda Vegas, an important wine maker in the area of Castilla y Le\u00f3n, as a shareholder. He later sells his holding to Barbadillo, which is then the sole proprietor.[\/et_pb_text][\/et_pb_column][\/et_pb_row][et_pb_row column_structure=&#8221;1_2,1_2&#8243; use_custom_gutter=&#8221;on&#8221; admin_label=&#8221;fila_2002&#8243; module_class=&#8221;timeline-item speak-soon odd&#8221; _builder_version=&#8221;4.16&#8243; background_size=&#8221;initial&#8221; background_position=&#8221;top_left&#8221; background_repeat=&#8221;repeat&#8221; custom_padding=&#8221;0px||0px||true|false&#8221; custom_css_main_element=&#8221;z-index:120;&#8221; collapsed=&#8221;off&#8221; global_colors_info=&#8221;{}&#8221;][et_pb_column type=&#8221;1_2&#8243; module_class=&#8221;col-date&#8221; _builder_version=&#8221;4.16&#8243; z_index=&#8221;0&#8243; custom_padding=&#8221;|||&#8221; global_colors_info=&#8221;{}&#8221; custom_padding__hover=&#8221;|||&#8221;][et_pb_text admin_label=&#8221;Speak Date \/ Location&#8221; module_class=&#8221;tm-date&#8221; _builder_version=&#8221;4.16&#8243; text_font=&#8221;Open Sans||||||||&#8221; header_font=&#8221;||||||||&#8221; header_3_text_color=&#8221;#e2b873&#8243; header_4_font=&#8221;Playfair Display SC||||||||&#8221; header_4_text_color=&#8221;#336028&#8243; header_4_font_size=&#8221;40px&#8221; global_colors_info=&#8221;{}&#8221;]<\/p>\n<h4>2002<\/h4>\n<h3>The perfect match<\/h3>\n<p>[\/et_pb_text][\/et_pb_column][et_pb_column type=&#8221;1_2&#8243; module_class=&#8221;col-details&#8221; _builder_version=&#8221;4.16&#8243; z_index=&#8221;0&#8243; custom_padding=&#8221;|||&#8221; global_colors_info=&#8221;{}&#8221; custom_padding__hover=&#8221;|||&#8221;][et_pb_code module_class=&#8221;rv_button&#8221; _builder_version=&#8221;4.16&#8243; _module_preset=&#8221;default&#8221; positioning=&#8221;absolute&#8221; z_index=&#8221;70&#8243; text_orientation=&#8221;center&#8221; width=&#8221;100%&#8221; max_width=&#8221;540px&#8221; global_colors_info=&#8221;{}&#8221;]<a class=\"his_button his_button_2002 closed\" href=\"javascript:void(0);\" onclick=\"openHis(2002);\"> <\/a>[\/et_pb_code][et_pb_image src=&#8221;https:\/\/www.barbadillo.com\/wp-content\/uploads\/2020\/09\/historia-2002-bodega-barbadillo.png&#8221; alt=&#8221;2002 &#8211; La conjunci\u00f3n perfecta | Bodegas Barbadillo&#8221; title_text=&#8221;2002 &#8211; La conjunci\u00f3n perfecta | Bodegas Barbadillo&#8221; align_tablet=&#8221;center&#8221; align_phone=&#8221;&#8221; align_last_edited=&#8221;on|desktop&#8221; _builder_version=&#8221;4.16&#8243; z_index=&#8221;-2&#8243; max_width=&#8221;540px&#8221; module_alignment=&#8221;left&#8221; global_colors_info=&#8221;{}&#8221;][\/et_pb_image][et_pb_text admin_label=&#8221;Speak Description&#8221; module_id=&#8221;panel_2002&#8243; module_class=&#8221;tm-desc reveal&#8221; _builder_version=&#8221;4.16&#8243; text_font=&#8221;Open Sans||||||||&#8221; text_text_color=&#8221;#f3f3f3&#8243; background_color=&#8221;rgba(51,96,40,0.9)&#8221; positioning=&#8221;absolute&#8221; width=&#8221;100%&#8221; max_width=&#8221;540px&#8221; custom_margin=&#8221;15px|15px||15px|false|true&#8221; global_colors_info=&#8221;{}&#8221;]Matadero de la Sierra Morena, S.A. sets up a company with Bodegas Barbadillo for selling its Iberian products under the brand name SIERRA DE SEVILLA.[\/et_pb_text][\/et_pb_column][\/et_pb_row][et_pb_row column_structure=&#8221;1_2,1_2&#8243; use_custom_gutter=&#8221;on&#8221; admin_label=&#8221;fila_2015&#8243; module_class=&#8221;timeline-item speak-soon even&#8221; _builder_version=&#8221;4.16&#8243; background_size=&#8221;initial&#8221; background_position=&#8221;top_left&#8221; background_repeat=&#8221;repeat&#8221; custom_padding=&#8221;0px||0px||true|false&#8221; custom_css_main_element=&#8221;z-index:110;&#8221; collapsed=&#8221;on&#8221; global_colors_info=&#8221;{}&#8221;][et_pb_column type=&#8221;1_2&#8243; module_class=&#8221;col-date&#8221; _builder_version=&#8221;4.16&#8243; custom_padding=&#8221;|||&#8221; border_color_all=&#8221;#e2b873&#8243; global_colors_info=&#8221;{}&#8221; custom_padding__hover=&#8221;|||&#8221;][et_pb_text admin_label=&#8221;Speak Date \/ Location&#8221; module_class=&#8221;tm-date&#8221; _builder_version=&#8221;4.16&#8243; text_font=&#8221;||||||||&#8221; text_text_color=&#8221;#e2b873&#8243; text_font_size=&#8221;18px&#8221; header_font=&#8221;Playfair Display SC||||||||&#8221; header_text_color=&#8221;#336028&#8243; header_3_font=&#8221;||||||||&#8221; header_3_text_color=&#8221;#e2b873&#8243; header_4_font=&#8221;Playfair Display SC||||||||&#8221; header_4_text_color=&#8221;#336028&#8243; header_4_font_size=&#8221;40px&#8221; global_colors_info=&#8221;{}&#8221;]<\/p>\n<h4>2015<\/h4>\n<h3>Solear shines<\/h3>\n<p>[\/et_pb_text][\/et_pb_column][et_pb_column type=&#8221;1_2&#8243; module_class=&#8221;col-details&#8221; _builder_version=&#8221;4.16&#8243; custom_padding=&#8221;|||&#8221; global_colors_info=&#8221;{}&#8221; custom_padding__hover=&#8221;|||&#8221;][et_pb_code module_class=&#8221;rv_button&#8221; _builder_version=&#8221;4.16&#8243; _module_preset=&#8221;default&#8221; positioning=&#8221;absolute&#8221; position_origin_a=&#8221;top_right&#8221; z_index=&#8221;70&#8243; text_orientation=&#8221;center&#8221; width=&#8221;100%&#8221; max_width=&#8221;540px&#8221; global_colors_info=&#8221;{}&#8221;]<a class=\"his_button his_button_2015 closed\" href=\"javascript:void(0);\" onclick=\"openHis(2015);\"> <\/a>[\/et_pb_code][et_pb_image src=&#8221;https:\/\/www.barbadillo.com\/wp-content\/uploads\/2020\/09\/historia-2015-bodega-barbadillo.png&#8221; alt=&#8221;2015 -Solear brilla | Bodegas Barbadillo&#8221; title_text=&#8221;2015 -Solear brilla | Bodegas Barbadillo&#8221; align=&#8221;right&#8221; _builder_version=&#8221;4.16&#8243; _module_preset=&#8221;default&#8221; z_index=&#8221;-2&#8243; max_width=&#8221;540px&#8221; global_colors_info=&#8221;{}&#8221;][\/et_pb_image][et_pb_text admin_label=&#8221;Speak Description&#8221; module_id=&#8221;panel_2015&#8243; module_class=&#8221;tm-desc reveal&#8221; _builder_version=&#8221;4.16&#8243; text_font=&#8221;Open Sans||||||||&#8221; text_text_color=&#8221;#f3f3f3&#8243; background_color=&#8221;rgba(51,96,40,0.9)&#8221; positioning=&#8221;absolute&#8221; position_origin_a=&#8221;top_right&#8221; width=&#8221;100%&#8221; max_width=&#8221;540px&#8221; custom_margin=&#8221;15px|15px||15px|false|true&#8221; global_colors_info=&#8221;{}&#8221;]The prestigious magazine Wine Spectator included Manzanilla Solear  in its Top 100 Best Wines of The Year, which are like recommendations of the highest influence for wine consumers and experts around the world. Bodegas Barbadillo is the only representative of wines from the Sherry Region on that list, which includes another seven wines from other areas of Spain.[\/et_pb_text][\/et_pb_column][\/et_pb_row][et_pb_row column_structure=&#8221;1_2,1_2&#8243; use_custom_gutter=&#8221;on&#8221; admin_label=&#8221;fila_20152&#8243; module_class=&#8221;timeline-item speak-soon odd&#8221; _builder_version=&#8221;4.16&#8243; background_size=&#8221;initial&#8221; background_position=&#8221;top_left&#8221; background_repeat=&#8221;repeat&#8221; custom_css_main_element=&#8221;z-index:100;&#8221; collapsed=&#8221;on&#8221; global_colors_info=&#8221;{}&#8221;][et_pb_column type=&#8221;1_2&#8243; module_class=&#8221;col-date&#8221; _builder_version=&#8221;4.16&#8243; z_index=&#8221;0&#8243; custom_padding=&#8221;|||&#8221; global_colors_info=&#8221;{}&#8221; custom_padding__hover=&#8221;|||&#8221;][et_pb_text admin_label=&#8221;Speak Date \/ Location&#8221; module_class=&#8221;tm-date&#8221; _builder_version=&#8221;4.16&#8243; text_font=&#8221;Open Sans||||||||&#8221; header_font=&#8221;||||||||&#8221; header_3_text_color=&#8221;#e2b873&#8243; header_4_font=&#8221;Playfair Display SC||||||||&#8221; header_4_text_color=&#8221;#336028&#8243; header_4_font_size=&#8221;40px&#8221; global_colors_info=&#8221;{}&#8221;]<\/p>\n<h4>2015<\/h4>\n<h3>The result of hard work and passion<\/h3>\n<p>[\/et_pb_text][\/et_pb_column][et_pb_column type=&#8221;1_2&#8243; module_class=&#8221;col-details&#8221; _builder_version=&#8221;4.16&#8243; z_index=&#8221;0&#8243; custom_padding=&#8221;|||&#8221; global_colors_info=&#8221;{}&#8221; custom_padding__hover=&#8221;|||&#8221;][et_pb_code module_class=&#8221;rv_button&#8221; _builder_version=&#8221;4.16&#8243; _module_preset=&#8221;default&#8221; positioning=&#8221;absolute&#8221; z_index=&#8221;70&#8243; text_orientation=&#8221;center&#8221; width=&#8221;100%&#8221; max_width=&#8221;540px&#8221; global_colors_info=&#8221;{}&#8221;]<a class=\"his_button his_button_20152 closed\" href=\"javascript:void(0);\" onclick=\"openHis(20152);\"> <\/a>[\/et_pb_code][et_pb_image src=&#8221;https:\/\/www.barbadillo.com\/wp-content\/uploads\/2020\/09\/historia-2015-bodegas-barbadillo.png&#8221; alt=&#8221;2015 &#8211; Frutos de la pasi\u00f3n y el trabajo | Bodegas Barbadillo&#8221; title_text=&#8221;2015 &#8211; Frutos de la pasi\u00f3n y el trabajo | Bodegas Barbadillo&#8221; align_tablet=&#8221;center&#8221; align_phone=&#8221;&#8221; align_last_edited=&#8221;on|desktop&#8221; _builder_version=&#8221;4.16&#8243; z_index=&#8221;-2&#8243; max_width=&#8221;540px&#8221; module_alignment=&#8221;left&#8221; global_colors_info=&#8221;{}&#8221;][\/et_pb_image][et_pb_text admin_label=&#8221;Speak Description&#8221; module_id=&#8221;panel_20152&#8243; module_class=&#8221;tm-desc reveal&#8221; _builder_version=&#8221;4.16&#8243; text_font=&#8221;Open Sans||||||||&#8221; text_text_color=&#8221;#f3f3f3&#8243; background_color=&#8221;rgba(51,96,40,0.9)&#8221; positioning=&#8221;absolute&#8221; width=&#8221;100%&#8221; max_width=&#8221;540px&#8221; custom_margin=&#8221;15px|15px||15px|false|true&#8221; global_colors_info=&#8221;{}&#8221;]Bodegas Barbadillo was chosen as the Best Winery of The Year at the Pe\u00f1\u00edn Guide Awards 2015, which aim to distinguish the work of the best professionals, companies and  products in the sector. The prestigious publication\u2019s jury acknowledged Barbadillo\u2019s \u201cmerit in maintaining extremely high quality across a wide range of brands, which all of the country\u2019s quality wine makers know just how complex it is to do.\u201d[\/et_pb_text][\/et_pb_column][\/et_pb_row][et_pb_row column_structure=&#8221;1_2,1_2&#8243; use_custom_gutter=&#8221;on&#8221; admin_label=&#8221;fila_2016&#8243; module_class=&#8221;timeline-item speak-soon even&#8221; _builder_version=&#8221;4.16&#8243; background_size=&#8221;initial&#8221; background_position=&#8221;top_left&#8221; background_repeat=&#8221;repeat&#8221; custom_padding=&#8221;0px||0px||true|false&#8221; custom_css_main_element=&#8221;z-index:90;&#8221; collapsed=&#8221;on&#8221; global_colors_info=&#8221;{}&#8221;][et_pb_column type=&#8221;1_2&#8243; module_class=&#8221;col-date&#8221; _builder_version=&#8221;4.16&#8243; custom_padding=&#8221;|||&#8221; border_color_all=&#8221;#e2b873&#8243; global_colors_info=&#8221;{}&#8221; custom_padding__hover=&#8221;|||&#8221;][et_pb_text admin_label=&#8221;Speak Date \/ Location&#8221; module_class=&#8221;tm-date&#8221; _builder_version=&#8221;4.16&#8243; text_font=&#8221;||||||||&#8221; text_text_color=&#8221;#e2b873&#8243; text_font_size=&#8221;18px&#8221; header_font=&#8221;Playfair Display SC||||||||&#8221; header_text_color=&#8221;#336028&#8243; header_3_font=&#8221;||||||||&#8221; header_3_text_color=&#8221;#e2b873&#8243; header_4_font=&#8221;Playfair Display SC||||||||&#8221; header_4_text_color=&#8221;#336028&#8243; header_4_font_size=&#8221;40px&#8221; global_colors_info=&#8221;{}&#8221;]<\/p>\n<h4>2016<\/h4>\n<h3>Poetry in a bottle: &#8220;Barbadillo Versos 1891&#8221;<\/h3>\n<p>[\/et_pb_text][\/et_pb_column][et_pb_column type=&#8221;1_2&#8243; module_class=&#8221;col-details&#8221; _builder_version=&#8221;4.16&#8243; custom_padding=&#8221;|||&#8221; global_colors_info=&#8221;{}&#8221; custom_padding__hover=&#8221;|||&#8221;][et_pb_code module_class=&#8221;rv_button&#8221; _builder_version=&#8221;4.16&#8243; _module_preset=&#8221;default&#8221; positioning=&#8221;absolute&#8221; position_origin_a=&#8221;top_right&#8221; z_index=&#8221;70&#8243; text_orientation=&#8221;center&#8221; width=&#8221;100%&#8221; max_width=&#8221;540px&#8221; global_colors_info=&#8221;{}&#8221;]<a class=\"his_button his_button_2016 closed\" href=\"javascript:void(0);\" onclick=\"openHis(2016);\"> <\/a>[\/et_pb_code][et_pb_image src=&#8221;https:\/\/www.barbadillo.com\/wp-content\/uploads\/2020\/09\/historia-2016-bodega-barbadillo.png&#8221; alt=&#8221;2016 Una Poes\u00eda embotellada: \u201cBarbadillo Versos 1891\u201d | Bodegas Barbadillo&#8221; title_text=&#8221;2016 Una Poes\u00eda embotellada: \u201cBarbadillo Versos 1891\u201d | Bodegas Barbadillo&#8221; align=&#8221;right&#8221; _builder_version=&#8221;4.16&#8243; _module_preset=&#8221;default&#8221; z_index=&#8221;-2&#8243; max_width=&#8221;540px&#8221; global_colors_info=&#8221;{}&#8221;][\/et_pb_image][et_pb_text admin_label=&#8221;Speak Description&#8221; module_id=&#8221;panel_2016&#8243; module_class=&#8221;tm-desc reveal&#8221; _builder_version=&#8221;4.16&#8243; text_font=&#8221;Open Sans||||||||&#8221; text_text_color=&#8221;#f3f3f3&#8243; background_color=&#8221;rgba(51,96,40,0.9)&#8221; positioning=&#8221;absolute&#8221; position_origin_a=&#8221;top_right&#8221; width=&#8221;100%&#8221; max_width=&#8221;540px&#8221; custom_margin=&#8221;15px|15px||15px|false|true&#8221; global_colors_info=&#8221;{}&#8221;]An amontillado from a single cask gifted, in 1891, by Antonio Barbadillo Ambrossy to his son Manuel Barbadillo Rodr\u00edguez \u2013 the poet winemaker connected to Spain\u2019s Generation of 1927.<br \/>\nA unique and exceptional amontillado from a single cask that was dedicated in 1891 to Manuel Barbadillo, who would later become a poet and friend to many writers from the Generation of 1927, such as Manuel Machado, who wrote the prologue to some of his books. Versos 1891\u2014already classified as an aged amontillado in the 19th century\u2014began as a christening gift for Manuel Barbadillo from his father. An intense wine with a complex aroma achieved through ageing in the peace and darkness of the Barbadillo wineries in Sanl\u00facar de Barrameda for more than a century. Only 100 bottles of the historic amontillado were put on the market, at a price of \u20ac10,000 each.[\/et_pb_text][\/et_pb_column][\/et_pb_row][et_pb_row column_structure=&#8221;1_2,1_2&#8243; use_custom_gutter=&#8221;on&#8221; admin_label=&#8221;fila_2017&#8243; module_class=&#8221;timeline-item speak-soon odd&#8221; _builder_version=&#8221;4.16&#8243; background_size=&#8221;initial&#8221; background_position=&#8221;top_left&#8221; background_repeat=&#8221;repeat&#8221; custom_padding=&#8221;0px||0px||true|false&#8221; custom_css_main_element=&#8221;z-index:80;&#8221; collapsed=&#8221;on&#8221; global_colors_info=&#8221;{}&#8221;][et_pb_column type=&#8221;1_2&#8243; module_class=&#8221;col-date&#8221; _builder_version=&#8221;4.16&#8243; z_index=&#8221;0&#8243; custom_padding=&#8221;|||&#8221; global_colors_info=&#8221;{}&#8221; custom_padding__hover=&#8221;|||&#8221;][et_pb_text admin_label=&#8221;Speak Date \/ Location&#8221; module_class=&#8221;tm-date&#8221; _builder_version=&#8221;4.16&#8243; text_font=&#8221;Open Sans||||||||&#8221; header_font=&#8221;||||||||&#8221; header_3_text_color=&#8221;#e2b873&#8243; header_4_font=&#8221;Playfair Display SC||||||||&#8221; header_4_text_color=&#8221;#336028&#8243; header_4_font_size=&#8221;40px&#8221; global_colors_info=&#8221;{}&#8221;]<\/p>\n<h4>2017<\/h4>\n<h3>Hitting the mark<\/h3>\n<p>[\/et_pb_text][\/et_pb_column][et_pb_column type=&#8221;1_2&#8243; module_class=&#8221;col-details&#8221; _builder_version=&#8221;4.16&#8243; z_index=&#8221;0&#8243; custom_padding=&#8221;|||&#8221; global_colors_info=&#8221;{}&#8221; custom_padding__hover=&#8221;|||&#8221;][et_pb_code module_class=&#8221;rv_button&#8221; _builder_version=&#8221;4.16&#8243; _module_preset=&#8221;default&#8221; positioning=&#8221;absolute&#8221; z_index=&#8221;70&#8243; text_orientation=&#8221;center&#8221; width=&#8221;100%&#8221; max_width=&#8221;540px&#8221; global_colors_info=&#8221;{}&#8221;]<a class=\"his_button his_button_2017 closed\" href=\"javascript:void(0);\" onclick=\"openHis(2017);\"> <\/a>[\/et_pb_code][et_pb_image src=&#8221;https:\/\/www.barbadillo.com\/wp-content\/uploads\/2020\/09\/historia-2017-bodega-barbadillo.png&#8221; alt=&#8221;2017 &#8211; Dando en el blanco | Bodegas Barbadillo&#8221; title_text=&#8221;2017 &#8211; Dando en el blanco | Bodegas Barbadillo&#8221; align_tablet=&#8221;center&#8221; align_phone=&#8221;&#8221; align_last_edited=&#8221;on|desktop&#8221; _builder_version=&#8221;4.16&#8243; z_index=&#8221;-2&#8243; max_width=&#8221;540px&#8221; module_alignment=&#8221;left&#8221; global_colors_info=&#8221;{}&#8221;][\/et_pb_image][et_pb_text admin_label=&#8221;Speak Description&#8221; module_id=&#8221;panel_2017&#8243; module_class=&#8221;tm-desc reveal&#8221; _builder_version=&#8221;4.16&#8243; text_font=&#8221;Open Sans||||||||&#8221; text_text_color=&#8221;#f3f3f3&#8243; background_color=&#8221;rgba(51,96,40,0.9)&#8221; positioning=&#8221;absolute&#8221; width=&#8221;100%&#8221; max_width=&#8221;540px&#8221; custom_margin=&#8221;15px|15px||15px|false|true&#8221; global_colors_info=&#8221;{}&#8221;]Barbadillo \u2013 the first winery to use Thinfilm technology to launch the world\u2019s largest deployment of NFC in the wine and spirits industry to date. Barbadillo was the first winery to use Thinfilm to launch the world\u2019s largest deployment of NFC in the wine and spirits industry. The first Spanish winery to put SpeedTap tagging on its white wine to connect with consumers, collect data, give cash prizes and drive sales.[\/et_pb_text][\/et_pb_column][\/et_pb_row][et_pb_row column_structure=&#8221;1_2,1_2&#8243; use_custom_gutter=&#8221;on&#8221; admin_label=&#8221;fila_2019&#8243; module_class=&#8221;timeline-item speak-soon even&#8221; _builder_version=&#8221;4.16&#8243; background_size=&#8221;initial&#8221; background_position=&#8221;top_left&#8221; background_repeat=&#8221;repeat&#8221; custom_padding=&#8221;0px||0px||true|false&#8221; custom_css_main_element=&#8221;z-index:70;&#8221; collapsed=&#8221;on&#8221; global_colors_info=&#8221;{}&#8221;][et_pb_column type=&#8221;1_2&#8243; module_class=&#8221;col-date&#8221; _builder_version=&#8221;4.16&#8243; custom_padding=&#8221;|||&#8221; border_color_all=&#8221;#e2b873&#8243; global_colors_info=&#8221;{}&#8221; custom_padding__hover=&#8221;|||&#8221;][et_pb_text admin_label=&#8221;Speak Date \/ Location&#8221; module_class=&#8221;tm-date&#8221; _builder_version=&#8221;4.16&#8243; text_font=&#8221;||||||||&#8221; text_text_color=&#8221;#e2b873&#8243; text_font_size=&#8221;18px&#8221; header_font=&#8221;Playfair Display SC||||||||&#8221; header_text_color=&#8221;#336028&#8243; header_3_font=&#8221;||||||||&#8221; header_3_text_color=&#8221;#e2b873&#8243; header_4_font=&#8221;Playfair Display SC||||||||&#8221; header_4_text_color=&#8221;#336028&#8243; header_4_font_size=&#8221;40px&#8221; global_colors_info=&#8221;{}&#8221;]<\/p>\n<h4>2019<\/h4>\n<h3>One of the 100 best ideas in economic news<\/h3>\n<p>[\/et_pb_text][\/et_pb_column][et_pb_column type=&#8221;1_2&#8243; module_class=&#8221;col-details&#8221; _builder_version=&#8221;4.16&#8243; custom_padding=&#8221;|||&#8221; global_colors_info=&#8221;{}&#8221; custom_padding__hover=&#8221;|||&#8221;][et_pb_code module_class=&#8221;rv_button&#8221; _builder_version=&#8221;4.16&#8243; _module_preset=&#8221;default&#8221; positioning=&#8221;absolute&#8221; position_origin_a=&#8221;top_right&#8221; z_index=&#8221;70&#8243; text_orientation=&#8221;center&#8221; width=&#8221;100%&#8221; max_width=&#8221;540px&#8221; global_colors_info=&#8221;{}&#8221;]<a class=\"his_button his_button_2019 closed\" href=\"javascript:void(0);\" onclick=\"openHis(2019);\"> <\/a>[\/et_pb_code][et_pb_image src=&#8221;https:\/\/www.barbadillo.com\/wp-content\/uploads\/2020\/09\/historia-2021-bodega-barbadillo.png&#8221; alt=&#8221;2019 &#8211; Cosas de Mar | Bodegas Barbadillo| Bodegas Barbadillo&#8221; title_text=&#8221;2019 &#8211; Cosas de Mar | Bodegas Barbadillo| Bodegas Barbadillo&#8221; align=&#8221;right&#8221; _builder_version=&#8221;4.16&#8243; _module_preset=&#8221;default&#8221; z_index=&#8221;-2&#8243; max_width=&#8221;540px&#8221; global_colors_info=&#8221;{}&#8221;][\/et_pb_image][et_pb_text admin_label=&#8221;Speak Description&#8221; module_id=&#8221;panel_2019&#8243; module_class=&#8221;tm-desc reveal&#8221; _builder_version=&#8221;4.16&#8243; text_font=&#8221;Open Sans||||||||&#8221; text_text_color=&#8221;#f3f3f3&#8243; background_color=&#8221;rgba(51,96,40,0.9)&#8221; positioning=&#8221;absolute&#8221; position_origin_a=&#8221;top_right&#8221; width=&#8221;100%&#8221; max_width=&#8221;540px&#8221; custom_margin=&#8221;15px|15px||15px|false|true&#8221; global_colors_info=&#8221;{}&#8221;]Barbadillo\u2019s sitcom \u2018Cosas de Mar\u2019 \u2013 one of the 100 best ideas of the year.<br \/>\nCosas del Mar (which translates as either things from the sea or Mar\u2019s things) is a series of comedy videos that recount the adventures of a young girl from Seville who comes into contact with the world of wine for the first time. In each episode, the spectator discovers the company\u2019s different wines through the eyes of the heroine (Mar) and understands how each one is the perfect match for different situations. The spectators vote on their favourite ending for the series.[\/et_pb_text][\/et_pb_column][\/et_pb_row][et_pb_row column_structure=&#8221;1_2,1_2&#8243; use_custom_gutter=&#8221;on&#8221; admin_label=&#8221;fila_2020&#8243; module_class=&#8221;timeline-item speak-soon odd&#8221; _builder_version=&#8221;4.16&#8243; background_size=&#8221;initial&#8221; background_position=&#8221;top_left&#8221; background_repeat=&#8221;repeat&#8221; custom_padding=&#8221;0px||0px||true|false&#8221; custom_css_main_element=&#8221;z-index:60;&#8221; collapsed=&#8221;on&#8221; global_colors_info=&#8221;{}&#8221;][et_pb_column type=&#8221;1_2&#8243; module_class=&#8221;col-date&#8221; _builder_version=&#8221;4.16&#8243; z_index=&#8221;0&#8243; custom_padding=&#8221;|||&#8221; global_colors_info=&#8221;{}&#8221; custom_padding__hover=&#8221;|||&#8221;][et_pb_text admin_label=&#8221;Speak Date \/ Location&#8221; module_class=&#8221;tm-date&#8221; _builder_version=&#8221;4.16&#8243; text_font=&#8221;Open Sans||||||||&#8221; header_font=&#8221;||||||||&#8221; header_3_text_color=&#8221;#e2b873&#8243; header_4_font=&#8221;Playfair Display SC||||||||&#8221; header_4_text_color=&#8221;#336028&#8243; header_4_font_size=&#8221;40px&#8221; global_colors_info=&#8221;{}&#8221;]<\/p>\n<h4>2020<\/h4>\n<h3>A commitment to the land<\/h3>\n<p>[\/et_pb_text][\/et_pb_column][et_pb_column type=&#8221;1_2&#8243; module_class=&#8221;col-details&#8221; _builder_version=&#8221;4.16&#8243; z_index=&#8221;0&#8243; custom_padding=&#8221;|||&#8221; global_colors_info=&#8221;{}&#8221; custom_padding__hover=&#8221;|||&#8221;][et_pb_code module_class=&#8221;rv_button&#8221; _builder_version=&#8221;4.16&#8243; _module_preset=&#8221;default&#8221; positioning=&#8221;absolute&#8221; z_index=&#8221;70&#8243; text_orientation=&#8221;center&#8221; width=&#8221;100%&#8221; max_width=&#8221;540px&#8221; global_colors_info=&#8221;{}&#8221;]<a class=\"his_button his_button_2020 closed\" href=\"javascript:void(0);\" onclick=\"openHis(2020);\"> <\/a>[\/et_pb_code][et_pb_image src=&#8221;https:\/\/www.barbadillo.com\/wp-content\/uploads\/2020\/09\/historia-2019-bodega-barbadillo.png&#8221; alt=&#8221;2020 Compromiso con la tierra | Bodegas Barbadillo&#8221; title_text=&#8221;2020 Compromiso con la tierra | Bodegas Barbadillo&#8221; align_tablet=&#8221;center&#8221; align_phone=&#8221;&#8221; align_last_edited=&#8221;on|desktop&#8221; _builder_version=&#8221;4.16&#8243; z_index=&#8221;-2&#8243; max_width=&#8221;540px&#8221; module_alignment=&#8221;left&#8221; global_colors_info=&#8221;{}&#8221;][\/et_pb_image][et_pb_text admin_label=&#8221;Speak Description&#8221; module_id=&#8221;panel_2020&#8243; module_class=&#8221;tm-desc reveal&#8221; _builder_version=&#8221;4.16&#8243; text_font=&#8221;Open Sans||||||||&#8221; text_text_color=&#8221;#f3f3f3&#8243; background_color=&#8221;rgba(51,96,40,0.9)&#8221; positioning=&#8221;absolute&#8221; width=&#8221;100%&#8221; max_width=&#8221;540px&#8221; custom_margin=&#8221;15px|15px||15px|false|true&#8221; global_colors_info=&#8221;{}&#8221;]The winery starts its organic division, continuing with its commitment to the land.<br \/>\nS\u00c1BALO is the start of an organic division based on a profound respect for the land and the ancient traditions of the area. For Bodegas Barbadillo, with almost 200 years of history, commitment to organics is a natural process that you arrive at through deep knowledge of the land and of wines.[\/et_pb_text][\/et_pb_column][\/et_pb_row][et_pb_row column_structure=&#8221;1_2,1_2&#8243; use_custom_gutter=&#8221;on&#8221; admin_label=&#8221;fila_2021&#8243; module_class=&#8221;timeline-item speak-soon even&#8221; _builder_version=&#8221;4.16&#8243; background_size=&#8221;initial&#8221; background_position=&#8221;top_left&#8221; background_repeat=&#8221;repeat&#8221; custom_padding=&#8221;0px||0px||true|false&#8221; custom_css_main_element=&#8221;z-index:50;&#8221; collapsed=&#8221;off&#8221; global_colors_info=&#8221;{}&#8221;][et_pb_column type=&#8221;1_2&#8243; module_class=&#8221;col-date&#8221; _builder_version=&#8221;4.16&#8243; custom_padding=&#8221;|||&#8221; border_color_all=&#8221;#e2b873&#8243; global_colors_info=&#8221;{}&#8221; custom_padding__hover=&#8221;|||&#8221;][et_pb_text admin_label=&#8221;Speak Date \/ Location&#8221; module_class=&#8221;tm-date&#8221; _builder_version=&#8221;4.16&#8243; text_font=&#8221;||||||||&#8221; text_text_color=&#8221;#e2b873&#8243; text_font_size=&#8221;18px&#8221; header_font=&#8221;Playfair Display SC||||||||&#8221; header_text_color=&#8221;#336028&#8243; header_3_font=&#8221;||||||||&#8221; header_3_text_color=&#8221;#e2b873&#8243; header_4_font=&#8221;Playfair Display SC||||||||&#8221; header_4_text_color=&#8221;#336028&#8243; header_4_font_size=&#8221;40px&#8221; global_colors_info=&#8221;{}&#8221;]<\/p>\n<h4>2021<\/h4>\n<h3>Bodegas Barbadillo\u2019s Bicentenary<\/h3>\n<p>[\/et_pb_text][\/et_pb_column][et_pb_column type=&#8221;1_2&#8243; module_class=&#8221;col-details&#8221; _builder_version=&#8221;4.16&#8243; custom_padding=&#8221;|||&#8221; global_colors_info=&#8221;{}&#8221; custom_padding__hover=&#8221;|||&#8221;][et_pb_code module_class=&#8221;rv_button&#8221; _builder_version=&#8221;4.16&#8243; _module_preset=&#8221;default&#8221; positioning=&#8221;absolute&#8221; position_origin_a=&#8221;top_right&#8221; z_index=&#8221;70&#8243; text_orientation=&#8221;center&#8221; width=&#8221;100%&#8221; max_width=&#8221;540px&#8221; global_colors_info=&#8221;{}&#8221;]<a class=\"his_button his_button_2021 closed\" href=\"javascript:void(0);\" onclick=\"openHis(2021);\"> <\/a>[\/et_pb_code][et_pb_image src=&#8221;https:\/\/www.barbadillo.com\/wp-content\/uploads\/2022\/12\/bicentenario-bodegas-barbadillo-1.png&#8221; alt=&#8221;Bicentenario de Bodegas Barbadillo&#8221; title_text=&#8221;bicentenario-bodegas-barbadillo&#8221; align=&#8221;right&#8221; _builder_version=&#8221;4.19.3&#8243; _module_preset=&#8221;default&#8221; z_index=&#8221;-2&#8243; max_width=&#8221;260px&#8221; global_colors_info=&#8221;{}&#8221;][\/et_pb_image][et_pb_text admin_label=&#8221;Speak Description&#8221; module_id=&#8221;panel_2021&#8243; module_class=&#8221;tm-desc reveal&#8221; _builder_version=&#8221;4.16&#8243; text_font=&#8221;Open Sans||||||||&#8221; text_text_color=&#8221;#f3f3f3&#8243; background_color=&#8221;rgba(51,96,40,0.9)&#8221; positioning=&#8221;absolute&#8221; position_origin_a=&#8221;top_right&#8221; width=&#8221;100%&#8221; max_width=&#8221;540px&#8221; custom_margin=&#8221;15px|15px||15px|false|true&#8221; global_colors_info=&#8221;{}&#8221;]Barbadillo is 200 years old.[\/et_pb_text][\/et_pb_column][\/et_pb_row][\/et_pb_section]<\/p>\n","protected":false},"excerpt":{"rendered":"<p>1821 The first wineryThe story of Bodegas Barbadillo began in the 19th century, when Benigno Barbadillo y Hortig\u00fcela and his cousin Manuel L\u00f3pez Barbadillo moved from Mexico, where Benigno had made his fortune, to Sanl\u00facar de Barrameda in the south of Spain. In 1821, they purchased their first winery, called El Toro and a paradigm [&hellip;]<\/p>\n","protected":false},"author":1,"featured_media":0,"parent":0,"menu_order":0,"comment_status":"closed","ping_status":"closed","template":"","meta":{"_acf_changed":false,"_et_pb_use_builder":"on","_et_pb_old_content":"[et_pb_section fb_built=\"1\" admin_label=\"Hero Section\" _builder_version=\"4.6.1\" background_enable_color=\"off\" background_color_gradient_direction=\"131deg\" background_image=\"https:\/\/www.barbadillo.com\/wp-content\/uploads\/2020\/09\/nuestra-historia-bodegas-barbadillo.jpg\" background_blend=\"darken\" custom_margin=\"60px||||false|false\" custom_padding=\"0px||0px||false|false\" animation_direction=\"top\" da_disable_devices=\"off|off|off\" locked=\"off\" da_is_popup=\"off\" da_exit_intent=\"off\" da_has_close=\"on\" da_alt_close=\"off\" da_dark_close=\"off\" da_not_modal=\"on\" da_is_singular=\"off\" da_with_loader=\"off\" da_has_shadow=\"on\"][et_pb_row custom_padding_last_edited=\"on|phone\" _builder_version=\"4.6.5\" custom_margin=\"0px|auto|0px|auto|true|false\" custom_padding=\"50px||50px||true|false\" custom_padding_tablet=\"40px||40px||true|false\" custom_padding_phone=\"25px||25px||true|false\" custom_width_px=\"1440px\" collapsed=\"on\"][et_pb_column type=\"4_4\" _builder_version=\"4.5.8\" custom_padding=\"|||\" custom_padding__hover=\"|||\"][et_pb_text _builder_version=\"4.6.5\" _dynamic_attributes=\"content\" text_font=\"Playfair Display||||||||\" text_line_height=\"1.4em\" header_font=\"Playfair Display|700|||||||\" header_text_align=\"center\" header_text_color=\"#f3f3f3\" header_font_size=\"36px\" header_2_font=\"||||||||\" header_3_font=\"||||||||\" header_4_font=\"||||||||\" header_5_font=\"||||||||\" header_6_font=\"||||||||\" custom_margin=\"0px||0px||false|false\" custom_padding=\"0px||0px||true|false\" custom_padding_tablet=\"\" custom_padding_phone=\"0px|0px|0px|0px|true|false\" custom_padding_last_edited=\"on|phone\" header_font_size_tablet=\"32px\" header_font_size_phone=\"28px\" header_font_size_last_edited=\"on|phone\" locked=\"off\"]@ET-DC@eyJkeW5hbWljIjp0cnVlLCJjb250ZW50IjoicG9zdF90aXRsZSIsInNldHRpbmdzIjp7ImJlZm9yZSI6IjxoMT4iLCJhZnRlciI6IjwvaDE+In19@[\/et_pb_text][\/et_pb_column][\/et_pb_row][\/et_pb_section][et_pb_section fb_built=\"1\" module_class=\"ds-timeline\" _builder_version=\"4.5.8\" background_enable_color=\"off\" custom_padding=\"60px|0px|40px|0px|false|false\" da_disable_devices=\"off|off|off\" da_is_popup=\"off\" da_exit_intent=\"off\" da_has_close=\"on\" da_alt_close=\"off\" da_dark_close=\"off\" da_not_modal=\"on\" da_is_singular=\"off\" da_with_loader=\"off\" da_has_shadow=\"on\"][et_pb_row column_structure=\"1_2,1_2\" use_custom_gutter=\"on\" admin_label=\"fila_1821\" module_class=\"timeline-item speak-soon even\" _builder_version=\"4.6.5\" background_size=\"initial\" background_position=\"top_left\" background_repeat=\"repeat\" custom_padding=\"0px||0px||true|false\" custom_css_main_element=\"z-index:200;\" collapsed=\"on\"][et_pb_column type=\"1_2\" module_class=\"col-date\" _builder_version=\"4.5.8\" custom_padding=\"|||\" border_color_all=\"#e2b873\" custom_padding__hover=\"|||\"][et_pb_text admin_label=\"Speak Date \/ Location\" module_class=\"tm-date\" _builder_version=\"4.6.5\" text_font=\"||||||||\" text_text_color=\"#e2b873\" text_font_size=\"18px\" header_font=\"Playfair Display SC||||||||\" header_text_color=\"#336028\" header_3_font=\"||||||||\" header_3_text_color=\"#e2b873\" header_4_font=\"Playfair Display SC||||||||\" header_4_text_color=\"#336028\" header_4_font_size=\"40px\"]<h4>1821<\/h4>\r\n<h3>La primera bodega<\/h3>[\/et_pb_text][\/et_pb_column][et_pb_column type=\"1_2\" module_class=\"col-details\" _builder_version=\"4.5.8\" custom_padding=\"|||\" custom_padding__hover=\"|||\"][et_pb_code module_class=\"rv_button\" _builder_version=\"4.6.5\" _module_preset=\"default\" positioning=\"absolute\" position_origin_a=\"top_right\" z_index=\"70\" text_orientation=\"center\" width=\"100%\" max_width=\"540px\"]<a class=\"his_button his_button_1821 closed\" href=\"javascript:void(0)\" onclick=\"openHis(1821);\"> <\/a>[\/et_pb_code][et_pb_image src=\"https:\/\/www.barbadillo.com\/wp-content\/uploads\/2020\/09\/historia-1821-bodega-barbadillo.png\" alt=\" 1821 - Barbadillo vuelva a casa | Bodegas Barbadillo\" title_text=\" 1821 - Barbadillo vuelva a casa | Bodegas Barbadillo\" align=\"right\" _builder_version=\"4.6.5\" _module_preset=\"default\" z_index=\"-2\" max_width=\"540px\"][\/et_pb_image][et_pb_text admin_label=\"Speak Description\" module_id=\"panel_1821\" module_class=\"tm-desc reveal\" _builder_version=\"4.6.5\" text_font=\"Open Sans||||||||\" text_text_color=\"#f3f3f3\" background_color=\"rgba(51,96,40,0.9)\" positioning=\"absolute\" position_origin_a=\"top_right\" width=\"100%\" max_width=\"540px\" custom_margin=\"15px|15px||15px|false|true\"]La historia de Bodegas Barbadillo comienza en el siglo XIX, cuando Benigno Barbadillo y Ortig\u00fcela, junto a su primo Manuel L\u00f3pez Barbadillo, se instalan en Sanl\u00facar de Barrameda procedentes de M\u00e9xico donde Benigno logr\u00f3 hacer fortuna. En 1821 adquieren su primera bodega, llamada \u201cEl Toro\u201d, paradigma de la arquitectura andaluza, y testigo de los or\u00edgenes de Bodegas Barbadillo.  [\/et_pb_text][\/et_pb_column][\/et_pb_row][et_pb_row column_structure=\"1_2,1_2\" use_custom_gutter=\"on\" admin_label=\"fila_1827\" module_class=\"timeline-item speak-soon odd\" _builder_version=\"4.6.5\" background_size=\"initial\" background_position=\"top_left\" background_repeat=\"repeat\" hover_enabled=\"0\" custom_css_main_element=\"z-index:190;\" collapsed=\"on\" custom_padding=\"0px||0px||true|false\" sticky_enabled=\"0\"][et_pb_column type=\"1_2\" module_class=\"col-date\" _builder_version=\"4.6.5\" z_index=\"0\" custom_padding=\"|||\" custom_padding__hover=\"|||\"][et_pb_text admin_label=\"Speak Date \/ Location\" module_class=\"tm-date\" _builder_version=\"4.6.5\" text_font=\"Open Sans||||||||\" header_font=\"||||||||\" header_3_text_color=\"#e2b873\" header_4_font=\"Playfair Display SC||||||||\" header_4_text_color=\"#336028\" header_4_font_size=\"40px\"]<h4>1827<\/h4>\r\n<h3>Nace la primera Manzanilla: Pastora<\/h3>[\/et_pb_text][\/et_pb_column][et_pb_column type=\"1_2\" module_class=\"col-details\" _builder_version=\"4.6.5\" z_index=\"0\" custom_padding=\"|||\" custom_padding__hover=\"|||\"][et_pb_code module_class=\"rv_button\" _builder_version=\"4.6.1\" _module_preset=\"default\" positioning=\"absolute\" z_index=\"70\" text_orientation=\"center\" width=\"100%\" max_width=\"540px\"]<a class=\"his_button his_button_1827 closed\" href=\"javascript:void(0)\" onclick=\"openHis(1827);\"> <\/a>[\/et_pb_code][et_pb_image src=\"https:\/\/www.barbadillo.com\/wp-content\/uploads\/2020\/09\/historia-1827-bodega-barbadillo.png\" alt=\"1827 - Nace Pastora, una gran se\u00f1ora | Bodegas Barbadillo\" title_text=\"1827 - Nace Pastora, una gran se\u00f1ora | Bodegas Barbadillo\" align_tablet=\"center\" align_phone=\"\" align_last_edited=\"on|desktop\" _builder_version=\"4.6.5\" z_index=\"-2\" max_width=\"540px\" module_alignment=\"left\"][\/et_pb_image][et_pb_text admin_label=\"Speak Description\" module_id=\"panel_1827\" module_class=\"tm-desc reveal\" _builder_version=\"4.6.5\" text_font=\"Open Sans||||||||\" text_text_color=\"#f3f3f3\" background_color=\"rgba(51,96,40,0.9)\" positioning=\"absolute\" width=\"100%\" max_width=\"540px\" custom_margin=\"15px|15px||15px|false|true\"]1827 represent\u00f3 un hito, ya que ese a\u00f1o apareci\u00f3, por primera vez, la denominaci\u00f3n \u201cManzanilla\u201d en una bota que Benigno envi\u00f3 a Filadelfia. El \u00e9xito fue tal que meses despu\u00e9s Barbadillo lanz\u00f3 al mercado \u201c`Pastora\u201d, la primera y entonces \u00fanica manzanilla embotellada del mundo. [\/et_pb_text][\/et_pb_column][\/et_pb_row][et_pb_row column_structure=\"1_2,1_2\" use_custom_gutter=\"on\" admin_label=\"fila_1954\" module_class=\"timeline-item speak-soon even\" _builder_version=\"4.6.5\" background_size=\"initial\" background_position=\"top_left\" background_repeat=\"repeat\" custom_padding=\"0px||0px||true|false\" hover_enabled=\"0\" custom_css_main_element=\"z-index:180;\" collapsed=\"on\" sticky_enabled=\"0\"][et_pb_column type=\"1_2\" module_class=\"col-date\" _builder_version=\"4.5.8\" custom_padding=\"|||\" border_color_all=\"#e2b873\" custom_padding__hover=\"|||\"][et_pb_text admin_label=\"Speak Date \/ Location\" module_class=\"tm-date\" _builder_version=\"4.6.5\" text_font=\"||||||||\" text_text_color=\"#e2b873\" text_font_size=\"18px\" header_font=\"Playfair Display SC||||||||\" header_text_color=\"#336028\" header_3_font=\"||||||||\" header_3_text_color=\"#e2b873\" header_4_font=\"Playfair Display SC||||||||\" header_4_text_color=\"#336028\" header_4_font_size=\"40px\"]<h4>1954<\/h4>\r\n<h3>Comienza el sue\u00f1o<\/h3>[\/et_pb_text][\/et_pb_column][et_pb_column type=\"1_2\" module_class=\"col-details\" _builder_version=\"4.5.8\" custom_padding=\"|||\" custom_padding__hover=\"|||\"][et_pb_code module_class=\"rv_button\" _builder_version=\"4.6.5\" _module_preset=\"default\" positioning=\"absolute\" position_origin_a=\"top_right\" z_index=\"70\" text_orientation=\"center\" width=\"100%\" max_width=\"540px\"]<a class=\"his_button his_button_1954 closed\" href=\"javascript:void(0)\" onclick=\"openHis(1954);\"> <\/a>[\/et_pb_code][et_pb_image src=\"https:\/\/www.barbadillo.com\/wp-content\/uploads\/2020\/09\/historia-1964-bodega-barbadillo.png\" alt=\"1954 - Comienza el sue\u00f1o | Bodegas Barbadillo\" title_text=\"1954 - Comienza el sue\u00f1o | Bodegas Barbadillo\" align=\"right\" _builder_version=\"4.6.5\" _module_preset=\"default\" z_index=\"-2\" max_width=\"540px\"][\/et_pb_image][et_pb_text admin_label=\"Speak Description\" module_id=\"panel_1954\" module_class=\"tm-desc reveal\" _builder_version=\"4.6.5\" text_font=\"Open Sans||||||||\" text_text_color=\"#f3f3f3\" background_color=\"rgba(51,96,40,0.9)\" positioning=\"absolute\" position_origin_a=\"top_right\" width=\"100%\" max_width=\"540px\" custom_margin=\"15px|15px||15px|false|true\"]Benigno falleci\u00f3 en 1837, pero para entonces, su legado y la proyecci\u00f3n de la firma eran imparables. Su primog\u00e9nito, Manuel, tom\u00f3 las riendas del negocio, y en 1954, constituy\u00f3 formalmente la empresa que hoy se conoce como Bodegas Barbadillo.[\/et_pb_text][\/et_pb_column][\/et_pb_row][et_pb_row column_structure=\"1_2,1_2\" use_custom_gutter=\"on\" admin_label=\"fila_1964\" module_class=\"timeline-item speak-soon odd\" _builder_version=\"4.6.5\" background_size=\"initial\" background_position=\"top_left\" background_repeat=\"repeat\" hover_enabled=\"0\" custom_css_main_element=\"z-index:160;\" collapsed=\"on\" custom_padding=\"0px||0px||true|false\" sticky_enabled=\"0\"][et_pb_column type=\"1_2\" module_class=\"col-date\" _builder_version=\"4.6.5\" z_index=\"0\" custom_padding=\"|||\" custom_padding__hover=\"|||\"][et_pb_text admin_label=\"Speak Date \/ Location\" module_class=\"tm-date\" _builder_version=\"4.6.5\" text_font=\"Open Sans||||||||\" header_font=\"||||||||\" header_3_text_color=\"#e2b873\" header_4_font=\"Playfair Display SC||||||||\" header_4_text_color=\"#336028\" header_4_font_size=\"40px\"]<h4>1964<\/h4>\r\n<h3>Aires del norte<\/h3>[\/et_pb_text][\/et_pb_column][et_pb_column type=\"1_2\" module_class=\"col-details\" _builder_version=\"4.6.5\" z_index=\"0\" custom_padding=\"|||\" custom_padding__hover=\"|||\"][et_pb_code module_class=\"rv_button\" _builder_version=\"4.6.5\" _module_preset=\"default\" positioning=\"absolute\" z_index=\"70\" text_orientation=\"center\" width=\"100%\" max_width=\"540px\"]<a class=\"his_button his_button_1964 closed\" href=\"javascript:void(0)\" onclick=\"openHis(1964);\"> <\/a>[\/et_pb_code][et_pb_image src=\"https:\/\/www.barbadillo.com\/wp-content\/uploads\/2020\/09\/historia-1954-bodega-barbadillo.png\" alt=\"1964 - Aires del norte | Bodegas Barbadillo\" title_text=\"1964 - Aires del norte | Bodegas Barbadillo\" align_tablet=\"center\" align_phone=\"\" align_last_edited=\"on|desktop\" _builder_version=\"4.6.5\" z_index=\"-2\" max_width=\"540px\" module_alignment=\"left\"][\/et_pb_image][et_pb_text admin_label=\"Speak Description\" module_id=\"panel_1964\" module_class=\"tm-desc reveal\" _builder_version=\"4.6.5\" text_font=\"Open Sans||||||||\" text_text_color=\"#f3f3f3\" background_color=\"rgba(51,96,40,0.9)\" positioning=\"absolute\" width=\"100%\" max_width=\"540px\" custom_margin=\"15px|15px||15px|false|true\"]Un grupo de viticultores encabezados por Antonio Aznar Riazuelo, constituyeron la que es hoy la \u00fanica Cooperativa Vitivin\u00edcola de la provincia de Huesca, conformada por casi 200 viticultores de la comarca del Somontano. El nacimiento de la Cooperativa Comarcal Somontano de Sobrarbe supuso la apuesta de la zona por la viticultura de calidad como motor de la econom\u00eda y los primeros pasos del nacimiento de la Denominaci\u00f3n de Origen Somontano, que ser\u00eda aprobada en 1984. A partir de ese momento, y especialmente a partir de los a\u00f1os 90, la llegada a Somontano de grandes proyectos empresariales con fuertes inversiones coloc\u00f3 a los vinos de Somontano entre los mejores de todo el pa\u00eds.[\/et_pb_text][\/et_pb_column][\/et_pb_row][et_pb_row column_structure=\"1_2,1_2\" use_custom_gutter=\"on\" admin_label=\"fila_1975\" module_class=\"timeline-item speak-soon even\" _builder_version=\"4.6.5\" background_size=\"initial\" background_position=\"top_left\" background_repeat=\"repeat\" custom_padding=\"0px||0px||true|false\" hover_enabled=\"0\" custom_css_main_element=\"z-index:150;\" collapsed=\"on\" sticky_enabled=\"0\"][et_pb_column type=\"1_2\" module_class=\"col-date\" _builder_version=\"4.5.8\" custom_padding=\"|||\" border_color_all=\"#e2b873\" custom_padding__hover=\"|||\"][et_pb_text admin_label=\"Speak Date \/ Location\" module_class=\"tm-date\" _builder_version=\"4.6.5\" text_font=\"||||||||\" text_text_color=\"#e2b873\" text_font_size=\"18px\" header_font=\"Playfair Display SC||||||||\" header_text_color=\"#336028\" header_3_font=\"||||||||\" header_3_text_color=\"#e2b873\" header_4_font=\"Playfair Display SC||||||||\" header_4_text_color=\"#336028\" header_4_font_size=\"40px\"]<h4>1975<\/h4>\r\n<h3>El mar se hizo vino<\/h3>[\/et_pb_text][\/et_pb_column][et_pb_column type=\"1_2\" module_class=\"col-details\" _builder_version=\"4.5.8\" custom_padding=\"|||\" custom_padding__hover=\"|||\"][et_pb_code module_class=\"rv_button\" _builder_version=\"4.6.5\" _module_preset=\"default\" positioning=\"absolute\" position_origin_a=\"top_right\" z_index=\"70\" text_orientation=\"center\" width=\"100%\" max_width=\"540px\"]<a class=\"his_button his_button_1975 closed\" href=\"javascript:void(0)\" onclick=\"openHis(1975);\"> <\/a>[\/et_pb_code][et_pb_image src=\"https:\/\/www.barbadillo.com\/wp-content\/uploads\/2020\/09\/historia-1975-bodega-barbadillo.png\" alt=\"1975 - El mar se hizo vino | Bodegas Barbadillo\" title_text=\"1975 - El mar se hizo vino | Bodegas Barbadillo\" align=\"right\" _builder_version=\"4.6.5\" _module_preset=\"default\" z_index=\"-2\" max_width=\"540px\"][\/et_pb_image][et_pb_text admin_label=\"Speak Description\" module_id=\"panel_1975\" module_class=\"tm-desc reveal\" _builder_version=\"4.6.5\" text_font=\"Open Sans||||||||\" text_text_color=\"#f3f3f3\" background_color=\"rgba(51,96,40,0.9)\" positioning=\"absolute\" position_origin_a=\"top_right\" width=\"100%\" max_width=\"540px\" custom_margin=\"15px|15px||15px|false|true\"]Castillo de San Diego fue el sue\u00f1o de un hombre, Toto Barbadillo. Su historia comienza mucho antes de su creaci\u00f3n. A finales de los a\u00f1os 60, Antonio Pedro Barbadillo Romero (Toto) descubri\u00f3 en sus viajes por el extranjero vinos blancos que por su sabor m\u00e1s suave y afrutado maridaban perfectamente con el pescado y el marisco. A su vuelta decide experimentar hasta que logr\u00f3, por fin, el vino que siempre quiso, al que llamaron \u201cvino blanco de mesa\u201d. En 1975 se lanza la primera edici\u00f3n de un vino pionero que abr\u00eda una nueva categor\u00eda y que todos conocemos por Barbadillo, pero llamado Castillo de San Diego, tomando el nombre de la calle donde estaba la bodega, justo al lado del Castillo de Sanl\u00facar. Fue, desde el principio, un vino imitado, admirado y l\u00edder en ventas.[\/et_pb_text][\/et_pb_column][\/et_pb_row][et_pb_row column_structure=\"1_2,1_2\" use_custom_gutter=\"on\" admin_label=\"fila_1993\" module_class=\"timeline-item speak-soon odd\" _builder_version=\"4.6.5\" background_size=\"initial\" background_position=\"top_left\" background_repeat=\"repeat\" hover_enabled=\"0\" custom_css_main_element=\"z-index:140;\" collapsed=\"on\" custom_padding=\"0px||0px||true|false\" sticky_enabled=\"0\"][et_pb_column type=\"1_2\" module_class=\"col-date\" _builder_version=\"4.6.5\" z_index=\"0\" custom_padding=\"|||\" custom_padding__hover=\"|||\"][et_pb_text admin_label=\"Speak Date \/ Location\" module_class=\"tm-date\" _builder_version=\"4.6.5\" text_font=\"Open Sans||||||||\" header_font=\"||||||||\" header_3_text_color=\"#e2b873\" header_4_font=\"Playfair Display SC||||||||\" header_4_text_color=\"#336028\" header_4_font_size=\"40px\"]<h4>1993<\/h4>\r\n<h3>Y se uni\u00f3 la monta\u00f1a<\/h3>[\/et_pb_text][\/et_pb_column][et_pb_column type=\"1_2\" module_class=\"col-details\" _builder_version=\"4.6.5\" z_index=\"0\" custom_padding=\"|||\" custom_padding__hover=\"|||\"][et_pb_code module_class=\"rv_button\" _builder_version=\"4.6.5\" _module_preset=\"default\" positioning=\"absolute\" z_index=\"70\" text_orientation=\"center\" width=\"100%\" max_width=\"540px\"]<a class=\"his_button his_button_1993 closed\" href=\"javascript:void(0)\" onclick=\"openHis(1993);\"> <\/a>[\/et_pb_code][et_pb_image src=\"https:\/\/www.barbadillo.com\/wp-content\/uploads\/2020\/09\/historia-1993-bodega-barbadillo.png\" alt=\"1993 - Y se uni\u00f3 la monta\u00f1a| Bodegas Barbadillo\" title_text=\"1993 - Y se uni\u00f3 la monta\u00f1a| Bodegas Barbadillo\" align_tablet=\"center\" align_phone=\"\" align_last_edited=\"on|desktop\" _builder_version=\"4.6.5\" z_index=\"-2\" max_width=\"540px\" module_alignment=\"left\"][\/et_pb_image][et_pb_text admin_label=\"Speak Description\" module_id=\"panel_1993\" module_class=\"tm-desc reveal\" _builder_version=\"4.6.5\" text_font=\"Open Sans||||||||\" text_text_color=\"#f3f3f3\" background_color=\"rgba(51,96,40,0.9)\" positioning=\"absolute\" width=\"100%\" max_width=\"540px\" custom_margin=\"15px|15px||15px|false|true\"]Somontano es una zona geogr\u00e1fica al norte de Huesca, prepirenaica, protegida por estas monta\u00f1as, y cuyo centro neur\u00e1lgico es la ciudad de Barbastro. Buena tierra para el cultivo de la vi\u00f1a, cuando a finales del siglo XIX, la filoxera arras\u00f3 Francia, algunos bodegueros de aquel pa\u00eds se fijaron en esta zona para producir, e incluso uno de ellos, Francisco Lalanne se instal\u00f3 all\u00ed y fund\u00f3 una bodega que ah\u00ed sigue. En los a\u00f1os sesenta, al calor del movimiento cooperativo los peque\u00f1os viticultores de la zona se cre\u00f3 la Cooperativa del Somontano del Sobrarbe, que con el tiempo se convertir\u00eda en Bodegas Pirineos. En 2007 pas\u00f3 a formar parte de Barbadillo.[\/et_pb_text][\/et_pb_column][\/et_pb_row][et_pb_row column_structure=\"1_2,1_2\" use_custom_gutter=\"on\" admin_label=\"fila_1997\" module_class=\"timeline-item speak-soon even\" _builder_version=\"4.6.5\" background_size=\"initial\" background_position=\"top_left\" background_repeat=\"repeat\" custom_padding=\"0px||0px||true|false\" hover_enabled=\"0\" custom_css_main_element=\"z-index:130;\" collapsed=\"on\" sticky_enabled=\"0\"][et_pb_column type=\"1_2\" module_class=\"col-date\" _builder_version=\"4.5.8\" custom_padding=\"|||\" border_color_all=\"#e2b873\" custom_padding__hover=\"|||\"][et_pb_text admin_label=\"Speak Date \/ Location\" module_class=\"tm-date\" _builder_version=\"4.6.5\" text_font=\"||||||||\" text_text_color=\"#e2b873\" text_font_size=\"18px\" header_font=\"Playfair Display SC||||||||\" header_text_color=\"#336028\" header_3_font=\"||||||||\" header_3_text_color=\"#e2b873\" header_4_font=\"Playfair Display SC||||||||\" header_4_text_color=\"#336028\" header_4_font_size=\"40px\"]<h4>1997<\/h4>\r\n<h3>No toda la ribera del r\u00edo Duero es Ribera del Duero<\/h3>[\/et_pb_text][\/et_pb_column][et_pb_column type=\"1_2\" module_class=\"col-details\" _builder_version=\"4.5.8\" custom_padding=\"|||\" custom_padding__hover=\"|||\"][et_pb_code module_class=\"rv_button\" _builder_version=\"4.6.5\" _module_preset=\"default\" positioning=\"absolute\" position_origin_a=\"top_right\" z_index=\"70\" text_orientation=\"center\" width=\"100%\" max_width=\"540px\"]<a class=\"his_button his_button_1997 closed\" href=\"javascript:void(0)\" onclick=\"openHis(1997);\"> <\/a>[\/et_pb_code][et_pb_image src=\"https:\/\/www.barbadillo.com\/wp-content\/uploads\/2020\/09\/historia-1997-bodega-barbadillo.png\" alt=\"1997 - No toda la ribera del r\u00edo Duero es Ribera del Duero | Bodegas Barbadillo\" title_text=\"1997 - No toda la ribera del r\u00edo Duero es Ribera del Duero | Bodegas Barbadillo\" align=\"right\" _builder_version=\"4.6.5\" _module_preset=\"default\" z_index=\"-2\" max_width=\"540px\"][\/et_pb_image][et_pb_text admin_label=\"Speak Description\" module_id=\"panel_1997\" module_class=\"tm-desc reveal\" _builder_version=\"4.6.5\" text_font=\"Open Sans||||||||\" text_text_color=\"#f3f3f3\" background_color=\"rgba(51,96,40,0.9)\" positioning=\"absolute\" position_origin_a=\"top_right\" width=\"100%\" max_width=\"540px\" custom_margin=\"15px|15px||15px|false|true\"]Nace Vega Real fruto de la alianza entre Bodegas Barbadillo y Jos\u00e9 M\u00aa Vegas, miembro de uno de los grupos de vinos m\u00e1s importantes de Castilla y Le\u00f3n. Bodegas Vega Real nace con la participaci\u00f3n accionaria de Jos\u00e9 Mar\u00eda Vegas. Un importante bodeguero de la zona de Castilla Le\u00f3n, que a la postre vende sus acciones a Barbadillo quedando esta \u00faltima como \u00fanico propietario.[\/et_pb_text][\/et_pb_column][\/et_pb_row][et_pb_row column_structure=\"1_2,1_2\" use_custom_gutter=\"on\" admin_label=\"fila_2002\" module_class=\"timeline-item speak-soon odd\" _builder_version=\"4.6.5\" background_size=\"initial\" background_position=\"top_left\" background_repeat=\"repeat\" hover_enabled=\"0\" custom_css_main_element=\"z-index:120;\" collapsed=\"on\" custom_padding=\"0px||0px||true|false\" sticky_enabled=\"0\"][et_pb_column type=\"1_2\" module_class=\"col-date\" _builder_version=\"4.6.5\" z_index=\"0\" custom_padding=\"|||\" custom_padding__hover=\"|||\"][et_pb_text admin_label=\"Speak Date \/ Location\" module_class=\"tm-date\" _builder_version=\"4.6.5\" text_font=\"Open Sans||||||||\" header_font=\"||||||||\" header_3_text_color=\"#e2b873\" header_4_font=\"Playfair Display SC||||||||\" header_4_text_color=\"#336028\" header_4_font_size=\"40px\"]<h4>2002<\/h4>\r\n<h3>La conjunci\u00f3n perfecta<\/h3>[\/et_pb_text][\/et_pb_column][et_pb_column type=\"1_2\" module_class=\"col-details\" _builder_version=\"4.6.5\" z_index=\"0\" custom_padding=\"|||\" custom_padding__hover=\"|||\"][et_pb_code module_class=\"rv_button\" _builder_version=\"4.6.5\" _module_preset=\"default\" positioning=\"absolute\" z_index=\"70\" text_orientation=\"center\" width=\"100%\" max_width=\"540px\"]<a class=\"his_button his_button_2002 closed\" href=\"javascript:void(0)\" onclick=\"openHis(2002);\"> <\/a>[\/et_pb_code][et_pb_image src=\"https:\/\/www.barbadillo.com\/wp-content\/uploads\/2020\/09\/historia-2002-bodega-barbadillo.png\" alt=\"2002 - La conjunci\u00f3n perfecta | Bodegas Barbadillo\" title_text=\"2002 - La conjunci\u00f3n perfecta | Bodegas Barbadillo\" align_tablet=\"center\" align_phone=\"\" align_last_edited=\"on|desktop\" _builder_version=\"4.6.5\" z_index=\"-2\" max_width=\"540px\" module_alignment=\"left\"][\/et_pb_image][et_pb_text admin_label=\"Speak Description\" module_id=\"panel_2002\" module_class=\"tm-desc reveal\" _builder_version=\"4.6.5\" text_font=\"Open Sans||||||||\" text_text_color=\"#f3f3f3\" background_color=\"rgba(51,96,40,0.9)\" positioning=\"absolute\" width=\"100%\" max_width=\"540px\" custom_margin=\"15px|15px||15px|false|true\"]Matadero de la Sierra Morena, S.A. formaliza una sociedad con Bodegas Barbadillo para comercializar sus productos ib\u00e9ricos con la marca Sierra de Sevilla.[\/et_pb_text][\/et_pb_column][\/et_pb_row][et_pb_row column_structure=\"1_2,1_2\" use_custom_gutter=\"on\" admin_label=\"fila_2015\" module_class=\"timeline-item speak-soon even\" _builder_version=\"4.6.5\" background_size=\"initial\" background_position=\"top_left\" background_repeat=\"repeat\" custom_padding=\"0px||0px||true|false\" hover_enabled=\"0\" custom_css_main_element=\"z-index:110;\" collapsed=\"on\" sticky_enabled=\"0\"][et_pb_column type=\"1_2\" module_class=\"col-date\" _builder_version=\"4.5.8\" custom_padding=\"|||\" border_color_all=\"#e2b873\" custom_padding__hover=\"|||\"][et_pb_text admin_label=\"Speak Date \/ Location\" module_class=\"tm-date\" _builder_version=\"4.6.5\" text_font=\"||||||||\" text_text_color=\"#e2b873\" text_font_size=\"18px\" header_font=\"Playfair Display SC||||||||\" header_text_color=\"#336028\" header_3_font=\"||||||||\" header_3_text_color=\"#e2b873\" header_4_font=\"Playfair Display SC||||||||\" header_4_text_color=\"#336028\" header_4_font_size=\"40px\"]<h4>2015<\/h4>\r\n<h3>Solear brilla<\/h3>[\/et_pb_text][\/et_pb_column][et_pb_column type=\"1_2\" module_class=\"col-details\" _builder_version=\"4.5.8\" custom_padding=\"|||\" custom_padding__hover=\"|||\"][et_pb_code module_class=\"rv_button\" _builder_version=\"4.6.5\" _module_preset=\"default\" positioning=\"absolute\" position_origin_a=\"top_right\" z_index=\"70\" text_orientation=\"center\" width=\"100%\" max_width=\"540px\"]<a class=\"his_button his_button_2015 closed\" href=\"javascript:void(0)\" onclick=\"openHis(2015);\"> <\/a>[\/et_pb_code][et_pb_image src=\"https:\/\/www.barbadillo.com\/wp-content\/uploads\/2020\/09\/historia-2015-bodega-barbadillo.png\" alt=\"2015 -Solear brilla | Bodegas Barbadillo\" title_text=\"2015 -Solear brilla | Bodegas Barbadillo\" align=\"right\" _builder_version=\"4.6.5\" _module_preset=\"default\" z_index=\"-2\" max_width=\"540px\"][\/et_pb_image][et_pb_text admin_label=\"Speak Description\" module_id=\"panel_2015\" module_class=\"tm-desc reveal\" _builder_version=\"4.6.5\" text_font=\"Open Sans||||||||\" text_text_color=\"#f3f3f3\" background_color=\"rgba(51,96,40,0.9)\" positioning=\"absolute\" position_origin_a=\"top_right\" width=\"100%\" max_width=\"540px\" custom_margin=\"15px|15px||15px|false|true\"]Manzanilla Solear, la mejor manzanilla del Mundo por Wine Spectator.\r\nLa prestigiosa revista Wine Spectator incluy\u00f3 a Manzanilla Solear en el Top 100 de los mejores vinos del a\u00f1o, que pasan a ser como recomendaciones de mayor influencia entre los consumidores y expertos de vino del mundo. Bodegas Barbadillo figura en dicha lista como el \u00fanico representante de los vinos del Marco de Jerez, en la que tambi\u00e9n han sido incluidos otros siete vinos espa\u00f1oles.[\/et_pb_text][\/et_pb_column][\/et_pb_row][et_pb_row column_structure=\"1_2,1_2\" use_custom_gutter=\"on\" admin_label=\"fila_20152\" module_class=\"timeline-item speak-soon odd\" _builder_version=\"4.6.5\" background_size=\"initial\" background_position=\"top_left\" background_repeat=\"repeat\" hover_enabled=\"0\" custom_css_main_element=\"z-index:100;\" collapsed=\"on\" sticky_enabled=\"0\"][et_pb_column type=\"1_2\" module_class=\"col-date\" _builder_version=\"4.6.5\" z_index=\"0\" custom_padding=\"|||\" custom_padding__hover=\"|||\"][et_pb_text admin_label=\"Speak Date \/ Location\" module_class=\"tm-date\" _builder_version=\"4.6.5\" text_font=\"Open Sans||||||||\" header_font=\"||||||||\" header_3_text_color=\"#e2b873\" header_4_font=\"Playfair Display SC||||||||\" header_4_text_color=\"#336028\" header_4_font_size=\"40px\"]<h4>2015<\/h4>\r\n<h3>Frutos de la pasi\u00f3n y el trabajo<\/h3>[\/et_pb_text][\/et_pb_column][et_pb_column type=\"1_2\" module_class=\"col-details\" _builder_version=\"4.6.5\" z_index=\"0\" custom_padding=\"|||\" custom_padding__hover=\"|||\"][et_pb_code module_class=\"rv_button\" _builder_version=\"4.6.5\" _module_preset=\"default\" positioning=\"absolute\" z_index=\"70\" text_orientation=\"center\" width=\"100%\" max_width=\"540px\"]<a class=\"his_button his_button_20152 closed\" href=\"javascript:void(0)\" onclick=\"openHis(20152);\"> <\/a>[\/et_pb_code][et_pb_image src=\"https:\/\/www.barbadillo.com\/wp-content\/uploads\/2020\/09\/historia-2015-bodegas-barbadillo.png\" alt=\"2015 - Frutos de la pasi\u00f3n y el trabajo | Bodegas Barbadillo\" title_text=\"2015 - Frutos de la pasi\u00f3n y el trabajo | Bodegas Barbadillo\" align_tablet=\"center\" align_phone=\"\" align_last_edited=\"on|desktop\" _builder_version=\"4.6.5\" z_index=\"-2\" max_width=\"540px\" module_alignment=\"left\"][\/et_pb_image][et_pb_text admin_label=\"Speak Description\" module_id=\"panel_20152\" module_class=\"tm-desc reveal\" _builder_version=\"4.6.5\" text_font=\"Open Sans||||||||\" text_text_color=\"#f3f3f3\" background_color=\"rgba(51,96,40,0.9)\" positioning=\"absolute\" width=\"100%\" max_width=\"540px\" custom_margin=\"15px|15px||15px|false|true\"]Bodegas Barbadillo fue elegida como la Mejor Bodega del A\u00f1o en los Premios Gu\u00eda Pe\u00f1\u00edn 2015, cuyo objetivo es distinguir la labor de los mejores profesionales, empresas y productos del sector. De esta manera, el jurado de la prestigiosa publicaci\u00f3n reconoci\u00f3 a Barbadillo \u201cel m\u00e9rito de mantener una alt\u00edsima calidad en una gran variedad de marcas, una complejidad de la que son conocedores todos los productores de vino de calidad del pa\u00eds\u201d.[\/et_pb_text][\/et_pb_column][\/et_pb_row][et_pb_row column_structure=\"1_2,1_2\" use_custom_gutter=\"on\" admin_label=\"fila_2016\" module_class=\"timeline-item speak-soon even\" _builder_version=\"4.6.5\" background_size=\"initial\" background_position=\"top_left\" background_repeat=\"repeat\" custom_padding=\"0px||0px||true|false\" hover_enabled=\"0\" custom_css_main_element=\"z-index:90;\" collapsed=\"on\" sticky_enabled=\"0\"][et_pb_column type=\"1_2\" module_class=\"col-date\" _builder_version=\"4.5.8\" custom_padding=\"|||\" border_color_all=\"#e2b873\" custom_padding__hover=\"|||\"][et_pb_text admin_label=\"Speak Date \/ Location\" module_class=\"tm-date\" _builder_version=\"4.6.5\" text_font=\"||||||||\" text_text_color=\"#e2b873\" text_font_size=\"18px\" header_font=\"Playfair Display SC||||||||\" header_text_color=\"#336028\" header_3_font=\"||||||||\" header_3_text_color=\"#e2b873\" header_4_font=\"Playfair Display SC||||||||\" header_4_text_color=\"#336028\" header_4_font_size=\"40px\"]<h4>2016<\/h4>\r\n<h3>Una Poes\u00eda embotellada: \u201cBarbadillo Versos 1891\u201d<\/h3>[\/et_pb_text][\/et_pb_column][et_pb_column type=\"1_2\" module_class=\"col-details\" _builder_version=\"4.5.8\" custom_padding=\"|||\" custom_padding__hover=\"|||\"][et_pb_code module_class=\"rv_button\" _builder_version=\"4.6.5\" _module_preset=\"default\" positioning=\"absolute\" position_origin_a=\"top_right\" z_index=\"70\" text_orientation=\"center\" width=\"100%\" max_width=\"540px\"]<a class=\"his_button his_button_2016 closed\" href=\"javascript:void(0)\" onclick=\"openHis(2016);\"> <\/a>[\/et_pb_code][et_pb_image src=\"https:\/\/www.barbadillo.com\/wp-content\/uploads\/2020\/09\/historia-2016-bodega-barbadillo.png\" alt=\"2016 Una Poes\u00eda embotellada: \u201cBarbadillo Versos 1891\u201d | Bodegas Barbadillo\" title_text=\"2016 Una Poes\u00eda embotellada: \u201cBarbadillo Versos 1891\u201d | Bodegas Barbadillo\" align=\"right\" _builder_version=\"4.6.5\" _module_preset=\"default\" z_index=\"-2\" max_width=\"540px\"][\/et_pb_image][et_pb_text admin_label=\"Speak Description\" module_id=\"panel_2016\" module_class=\"tm-desc reveal\" _builder_version=\"4.6.5\" text_font=\"Open Sans||||||||\" text_text_color=\"#f3f3f3\" background_color=\"rgba(51,96,40,0.9)\" positioning=\"absolute\" position_origin_a=\"top_right\" width=\"100%\" max_width=\"540px\" custom_margin=\"15px|15px||15px|false|true\"]Amontillado excepcional y \u00fanico procedente de una sola bota que fue dedicada a Manuel Barbadillo en 1891, poeta y amigo de muchos de los escritores de la Generaci\u00f3n del 27, como Manuel Machado que prologa alguno de sus libros. Versos 1891, que ya fue calificado en el siglo XIX como amontillado viejo, comenz\u00f3 siendo un regalo de bautizo hecho a Manuel Barbadillo por su padre. de un siglo en las bodegas de Barbadillo en Sanl\u00facar. S\u00f3lo se sacaron al mercado 100 botellas del hist\u00f3rico amontillado a un precio de 10.000 euros.[\/et_pb_text][\/et_pb_column][\/et_pb_row][et_pb_row column_structure=\"1_2,1_2\" use_custom_gutter=\"on\" admin_label=\"fila_2017\" module_class=\"timeline-item speak-soon odd\" _builder_version=\"4.6.5\" background_size=\"initial\" background_position=\"top_left\" background_repeat=\"repeat\" hover_enabled=\"0\" custom_css_main_element=\"z-index:80;\" collapsed=\"on\" custom_padding=\"0px||0px||true|false\" sticky_enabled=\"0\"][et_pb_column type=\"1_2\" module_class=\"col-date\" _builder_version=\"4.6.5\" z_index=\"0\" custom_padding=\"|||\" custom_padding__hover=\"|||\"][et_pb_text admin_label=\"Speak Date \/ Location\" module_class=\"tm-date\" _builder_version=\"4.6.5\" text_font=\"Open Sans||||||||\" header_font=\"||||||||\" header_3_text_color=\"#e2b873\" header_4_font=\"Playfair Display SC||||||||\" header_4_text_color=\"#336028\" header_4_font_size=\"40px\"]<h4>2017<\/h4>\r\n<h3>Dando en el blanco<\/h3>[\/et_pb_text][\/et_pb_column][et_pb_column type=\"1_2\" module_class=\"col-details\" _builder_version=\"4.6.5\" z_index=\"0\" custom_padding=\"|||\" custom_padding__hover=\"|||\"][et_pb_code module_class=\"rv_button\" _builder_version=\"4.6.5\" _module_preset=\"default\" positioning=\"absolute\" z_index=\"70\" text_orientation=\"center\" width=\"100%\" max_width=\"540px\"]<a class=\"his_button his_button_2017 closed\" href=\"javascript:void(0)\" onclick=\"openHis(2017);\"> <\/a>[\/et_pb_code][et_pb_image src=\"https:\/\/www.barbadillo.com\/wp-content\/uploads\/2020\/09\/historia-2017-bodega-barbadillo.png\" alt=\"2017 - Dando en el blanco | Bodegas Barbadillo\" title_text=\"2017 - Dando en el blanco | Bodegas Barbadillo\" align_tablet=\"center\" align_phone=\"\" align_last_edited=\"on|desktop\" _builder_version=\"4.6.5\" z_index=\"-2\" max_width=\"540px\" module_alignment=\"left\"][\/et_pb_image][et_pb_text admin_label=\"Speak Description\" module_id=\"panel_2017\" module_class=\"tm-desc reveal\" _builder_version=\"4.6.5\" text_font=\"Open Sans||||||||\" text_text_color=\"#f3f3f3\" background_color=\"rgba(51,96,40,0.9)\" positioning=\"absolute\" width=\"100%\" max_width=\"540px\" custom_margin=\"15px|15px||15px|false|true\"]Barbadillo fue la primera bodega en usar la tecnolog\u00eda de Thinfilm para lanzar el mayor despliegue mundial de NFC en la industria del vino y bebidas espirituosas. La primera bodega espa\u00f1ola que incorpor\u00f3 las etiquetas SpeedTap en el vino blanco para conectarse con los consumidores, recopilar datos, dar premios en efectivo e impulsar las ventas.[\/et_pb_text][\/et_pb_column][\/et_pb_row][et_pb_row column_structure=\"1_2,1_2\" use_custom_gutter=\"on\" admin_label=\"fila_2019\" module_class=\"timeline-item speak-soon even\" _builder_version=\"4.6.5\" background_size=\"initial\" background_position=\"top_left\" background_repeat=\"repeat\" custom_padding=\"0px||0px||true|false\" hover_enabled=\"0\" custom_css_main_element=\"z-index:70;\" collapsed=\"on\" sticky_enabled=\"0\"][et_pb_column type=\"1_2\" module_class=\"col-date\" _builder_version=\"4.5.8\" custom_padding=\"|||\" border_color_all=\"#e2b873\" custom_padding__hover=\"|||\"][et_pb_text admin_label=\"Speak Date \/ Location\" module_class=\"tm-date\" _builder_version=\"4.6.5\" text_font=\"||||||||\" text_text_color=\"#e2b873\" text_font_size=\"18px\" header_font=\"Playfair Display SC||||||||\" header_text_color=\"#336028\" header_3_font=\"||||||||\" header_3_text_color=\"#e2b873\" header_4_font=\"Playfair Display SC||||||||\" header_4_text_color=\"#336028\" header_4_font_size=\"40px\"]<h4>2019<\/h4>\r\n<h3>Cosas de Mar<\/h3>[\/et_pb_text][\/et_pb_column][et_pb_column type=\"1_2\" module_class=\"col-details\" _builder_version=\"4.5.8\" custom_padding=\"|||\" custom_padding__hover=\"|||\"][et_pb_code module_class=\"rv_button\" _builder_version=\"4.6.5\" _module_preset=\"default\" positioning=\"absolute\" position_origin_a=\"top_right\" z_index=\"70\" text_orientation=\"center\" width=\"100%\" max_width=\"540px\"]<a class=\"his_button his_button_2019 closed\" href=\"javascript:void(0)\" onclick=\"openHis(2019);\"> <\/a>[\/et_pb_code][et_pb_image src=\"https:\/\/www.barbadillo.com\/wp-content\/uploads\/2020\/09\/historia-2021-bodega-barbadillo.png\" alt=\"2019 - Cosas de Mar | Bodegas Barbadillo| Bodegas Barbadillo\" title_text=\"2019 - Cosas de Mar | Bodegas Barbadillo| Bodegas Barbadillo\" align=\"right\" _builder_version=\"4.6.5\" _module_preset=\"default\" z_index=\"-2\" max_width=\"540px\"][\/et_pb_image][et_pb_text admin_label=\"Speak Description\" module_id=\"panel_2019\" module_class=\"tm-desc reveal\" _builder_version=\"4.6.5\" text_font=\"Open Sans||||||||\" text_text_color=\"#f3f3f3\" background_color=\"rgba(51,96,40,0.9)\" positioning=\"absolute\" position_origin_a=\"top_right\" width=\"100%\" max_width=\"540px\" custom_margin=\"15px|15px||15px|false|true\"]La sitcom \u201cCosas de Mar\u201d de Barbadillo una de las 100 mejores ideas del a\u00f1o\r\nUna serie de v\u00eddeos de comedia que narra las peripecias de una joven sevillana que se introduce en el mundo del vino por primera vez. En cada episodio, y a trav\u00e9s de los ojos de la protagonista (Mar), el espectador descubre los diferentes vinos de la firma y entiende c\u00f3mo cada uno de ellos brinda a la perfecci\u00f3n con situaciones distintas. El final de la serie lo decide el espectador.[\/et_pb_text][\/et_pb_column][\/et_pb_row][et_pb_row column_structure=\"1_2,1_2\" use_custom_gutter=\"on\" admin_label=\"fila_2020\" module_class=\"timeline-item speak-soon odd\" _builder_version=\"4.6.5\" background_size=\"initial\" background_position=\"top_left\" background_repeat=\"repeat\" hover_enabled=\"0\" custom_css_main_element=\"z-index:60;\" collapsed=\"on\" custom_padding=\"0px||0px||true|false\" sticky_enabled=\"0\"][et_pb_column type=\"1_2\" module_class=\"col-date\" _builder_version=\"4.6.5\" z_index=\"0\" custom_padding=\"|||\" custom_padding__hover=\"|||\"][et_pb_text admin_label=\"Speak Date \/ Location\" module_class=\"tm-date\" _builder_version=\"4.6.5\" text_font=\"Open Sans||||||||\" header_font=\"||||||||\" header_3_text_color=\"#e2b873\" header_4_font=\"Playfair Display SC||||||||\" header_4_text_color=\"#336028\" header_4_font_size=\"40px\"]<h4>2020<\/h4>\r\n<h3>Compromiso con la tierra<\/h3>[\/et_pb_text][\/et_pb_column][et_pb_column type=\"1_2\" module_class=\"col-details\" _builder_version=\"4.6.5\" z_index=\"0\" custom_padding=\"|||\" custom_padding__hover=\"|||\"][et_pb_code module_class=\"rv_button\" _builder_version=\"4.6.5\" _module_preset=\"default\" positioning=\"absolute\" z_index=\"70\" text_orientation=\"center\" width=\"100%\" max_width=\"540px\"]<a class=\"his_button his_button_2020 closed\" href=\"javascript:void(0)\" onclick=\"openHis(2020);\"> <\/a>[\/et_pb_code][et_pb_image src=\"https:\/\/www.barbadillo.com\/wp-content\/uploads\/2020\/09\/historia-2019-bodega-barbadillo.png\" alt=\"2020 Compromiso con la tierra | Bodegas Barbadillo\" title_text=\"2020 Compromiso con la tierra | Bodegas Barbadillo\" align_tablet=\"center\" align_phone=\"\" align_last_edited=\"on|desktop\" _builder_version=\"4.6.5\" z_index=\"-2\" max_width=\"540px\" module_alignment=\"left\"][\/et_pb_image][et_pb_text admin_label=\"Speak Description\" module_id=\"panel_2020\" module_class=\"tm-desc reveal\" _builder_version=\"4.6.5\" text_font=\"Open Sans||||||||\" text_text_color=\"#f3f3f3\" background_color=\"rgba(51,96,40,0.9)\" positioning=\"absolute\" width=\"100%\" max_width=\"540px\" custom_margin=\"15px|15px||15px|false|true\"]La bodega pone en marcha su divisi\u00f3n ecol\u00f3gica continuando con su compromiso con la tierra.\r\nS\u00c1BALO inaugura una divisi\u00f3n ecol\u00f3gica sustentada en un profundo respeto por la tierra y las tradiciones centenarias de la zona. Para Bodegas Barbadillo, con casi 200 a\u00f1os de historia, el compromiso ecol\u00f3gico es un proceso natural al que se llega por el gran conocimiento de la tierra y del vino.[\/et_pb_text][\/et_pb_column][\/et_pb_row][et_pb_row column_structure=\"1_2,1_2\" use_custom_gutter=\"on\" admin_label=\"fila_2021\" module_class=\"timeline-item speak-soon even\" _builder_version=\"4.6.5\" background_size=\"initial\" background_position=\"top_left\" background_repeat=\"repeat\" custom_padding=\"0px||0px||true|false\" hover_enabled=\"0\" custom_css_main_element=\"z-index:50;\" collapsed=\"on\" sticky_enabled=\"0\"][et_pb_column type=\"1_2\" module_class=\"col-date\" _builder_version=\"4.5.8\" custom_padding=\"|||\" border_color_all=\"#e2b873\" custom_padding__hover=\"|||\"][et_pb_text admin_label=\"Speak Date \/ Location\" module_class=\"tm-date\" _builder_version=\"4.6.5\" text_font=\"||||||||\" text_text_color=\"#e2b873\" text_font_size=\"18px\" header_font=\"Playfair Display SC||||||||\" header_text_color=\"#336028\" header_3_font=\"||||||||\" header_3_text_color=\"#e2b873\" header_4_font=\"Playfair Display SC||||||||\" header_4_text_color=\"#336028\" header_4_font_size=\"40px\"]<h4>2021<\/h4>\r\n<h3>Bicentenario de Bodegas Barbadillo<\/h3>[\/et_pb_text][\/et_pb_column][et_pb_column type=\"1_2\" module_class=\"col-details\" _builder_version=\"4.5.8\" custom_padding=\"|||\" custom_padding__hover=\"|||\"][et_pb_code module_class=\"rv_button\" _builder_version=\"4.6.5\" _module_preset=\"default\" positioning=\"absolute\" position_origin_a=\"top_right\" z_index=\"70\" text_orientation=\"center\" width=\"100%\" max_width=\"540px\"]<a class=\"his_button his_button_2021 closed\" href=\"javascript:void(0)\" onclick=\"openHis(2021);\"> <\/a>[\/et_pb_code][et_pb_image src=\"https:\/\/www.barbadillo.com\/wp-content\/uploads\/2020\/09\/barbadillo-footer.png\" alt=\"Barbadillo - Desde 1821\" title_text=\"Barbadillo - Desde 1821\" align=\"right\" _builder_version=\"4.6.5\" _module_preset=\"default\" z_index=\"-2\" max_width=\"260px\"][\/et_pb_image][et_pb_text admin_label=\"Speak Description\" module_id=\"panel_2021\" module_class=\"tm-desc reveal\" _builder_version=\"4.6.5\" text_font=\"Open Sans||||||||\" text_text_color=\"#f3f3f3\" background_color=\"rgba(51,96,40,0.9)\" positioning=\"absolute\" position_origin_a=\"top_right\" width=\"100%\" max_width=\"540px\" custom_margin=\"15px|15px||15px|false|true\"]Barbadillo cumple 200 a\u00f1os.[\/et_pb_text][\/et_pb_column][\/et_pb_row][\/et_pb_section]","_et_gb_content_width":"","footnotes":""},"class_list":["post-79442","page","type-page","status-publish","hentry"],"acf":[],"_links":{"self":[{"href":"https:\/\/www.barbadillo.com\/en\/wp-json\/wp\/v2\/pages\/79442","targetHints":{"allow":["GET"]}}],"collection":[{"href":"https:\/\/www.barbadillo.com\/en\/wp-json\/wp\/v2\/pages"}],"about":[{"href":"https:\/\/www.barbadillo.com\/en\/wp-json\/wp\/v2\/types\/page"}],"author":[{"embeddable":true,"href":"https:\/\/www.barbadillo.com\/en\/wp-json\/wp\/v2\/users\/1"}],"replies":[{"embeddable":true,"href":"https:\/\/www.barbadillo.com\/en\/wp-json\/wp\/v2\/comments?post=79442"}],"version-history":[{"count":10,"href":"https:\/\/www.barbadillo.com\/en\/wp-json\/wp\/v2\/pages\/79442\/revisions"}],"predecessor-version":[{"id":145775,"href":"https:\/\/www.barbadillo.com\/en\/wp-json\/wp\/v2\/pages\/79442\/revisions\/145775"}],"wp:attachment":[{"href":"https:\/\/www.barbadillo.com\/en\/wp-json\/wp\/v2\/media?parent=79442"}],"curies":[{"name":"wp","href":"https:\/\/api.w.org\/{rel}","templated":true}]}}